{"id":1925,"date":"2024-06-17T21:13:36","date_gmt":"2024-06-17T19:13:36","guid":{"rendered":"https:\/\/dental.holypapa.com\/?page_id=1925"},"modified":"2024-07-12T12:00:30","modified_gmt":"2024-07-12T10:00:30","slug":"profilaktyka-i-profesjonalne-czyszczenie-zebow","status":"publish","type":"page","link":"https:\/\/www.zahnarztpraxis-talesnik.de\/pl\/profilaktyka-i-profesjonalne-czyszczenie-zebow\/","title":{"rendered":"Profilaktyka i profesjonalne czyszczenie z\u0119b\u00f3w"},"content":{"rendered":"\t\t<div data-elementor-type=\"wp-page\" data-elementor-id=\"1925\" class=\"elementor elementor-1925 elementor-477\">\n\t\t\t\t<div class=\"elementor-element elementor-element-5b7758a3 e-con-full relative e-flex e-con e-parent\" data-id=\"5b7758a3\" data-element_type=\"container\" data-settings=\"{&quot;background_background&quot;:&quot;classic&quot;}\">\n\t\t<div class=\"elementor-element elementor-element-3c9ccf69 e-flex e-con-boxed e-con e-child\" data-id=\"3c9ccf69\" data-element_type=\"container\" data-settings=\"{&quot;background_background&quot;:&quot;classic&quot;}\">\n\t\t\t\t\t<div class=\"e-con-inner\">\n\t\t<div class=\"elementor-element elementor-element-427f72d9 e-flex e-con-boxed e-con e-child\" data-id=\"427f72d9\" data-element_type=\"container\">\n\t\t\t\t\t<div class=\"e-con-inner\">\n\t\t\t\t<div class=\"elementor-element elementor-element-710bc9a9 h1-top color-grey elementor-widget elementor-widget-text-editor\" data-id=\"710bc9a9\" data-element_type=\"widget\" data-widget_type=\"text-editor.default\">\n\t\t\t\t<div class=\"elementor-widget-container\">\n\t\t\t<style>\/*! elementor - v3.23.0 - 15-07-2024 *\/\n.elementor-widget-text-editor.elementor-drop-cap-view-stacked .elementor-drop-cap{background-color:#69727d;color:#fff}.elementor-widget-text-editor.elementor-drop-cap-view-framed .elementor-drop-cap{color:#69727d;border:3px solid;background-color:transparent}.elementor-widget-text-editor:not(.elementor-drop-cap-view-default) .elementor-drop-cap{margin-top:8px}.elementor-widget-text-editor:not(.elementor-drop-cap-view-default) .elementor-drop-cap-letter{width:1em;height:1em}.elementor-widget-text-editor .elementor-drop-cap{float:left;text-align:center;line-height:1;font-size:50px}.elementor-widget-text-editor .elementor-drop-cap-letter{display:inline-block}<\/style>\t\t\t\t<h1><span data-sheets-root=\"1\">Profilaktyka i profesjonalne czyszczenie z\u0119b\u00f3w<\/span><\/h1>\t\t\t\t\t\t<\/div>\n\t\t\t\t<\/div>\n\t\t\t\t<div class=\"elementor-element elementor-element-5ff53259 elementor-widget elementor-widget-html\" data-id=\"5ff53259\" data-element_type=\"widget\" data-widget_type=\"html.default\">\n\t\t\t\t<div class=\"elementor-widget-container\">\n\t\t\t<div class=\"buttons__block\">\n\t<a href=\"tel:+49306214086\" class=\"button button--white-2\" target=\"_blank\">+49 30 621 40 86<\/a>\n\t<a href=\"https:\/\/wa.me\/4915115945994\" class=\"button button--white-2\" target=\"_blank\">WhatsApp<\/a>\n\t<a href=\"https:\/\/www.doctolib.de\/praxis\/berlin\/zahnarztpraxis-felix-und-dr-irina-talesnik\/\" class=\"button button--white-2\" target=\"_blank\">Zarezerwuj termin teraz!<\/a>\n<\/div>\t\t<\/div>\n\t\t\t\t<\/div>\n\t\t\t\t\t<\/div>\n\t\t\t\t<\/div>\n\t\t<div class=\"elementor-element elementor-element-28baf314 e-flex e-con-boxed e-con e-child\" data-id=\"28baf314\" data-element_type=\"container\">\n\t\t\t\t\t<div class=\"e-con-inner\">\n\t\t\t\t<div class=\"elementor-element elementor-element-5d93e861 elementor-widget elementor-widget-image\" data-id=\"5d93e861\" data-element_type=\"widget\" data-widget_type=\"image.default\">\n\t\t\t\t<div class=\"elementor-widget-container\">\n\t\t\t<style>\/*! elementor - v3.23.0 - 15-07-2024 *\/\n.elementor-widget-image{text-align:center}.elementor-widget-image a{display:inline-block}.elementor-widget-image a img[src$=\".svg\"]{width:48px}.elementor-widget-image img{vertical-align:middle;display:inline-block}<\/style>\t\t\t\t\t\t\t\t\t\t<img fetchpriority=\"high\" decoding=\"async\" width=\"640\" height=\"555\" src=\"https:\/\/www.zahnarztpraxis-talesnik.de\/wp-content\/uploads\/2024\/06\/Prophylaxe.png\" class=\"attachment-large size-large wp-image-803\" alt=\"\" srcset=\"https:\/\/www.zahnarztpraxis-talesnik.de\/wp-content\/uploads\/2024\/06\/Prophylaxe.png 1002w, https:\/\/www.zahnarztpraxis-talesnik.de\/wp-content\/uploads\/2024\/06\/Prophylaxe-300x260.png 300w, https:\/\/www.zahnarztpraxis-talesnik.de\/wp-content\/uploads\/2024\/06\/Prophylaxe-768x666.png 768w\" sizes=\"(max-width: 640px) 100vw, 640px\" \/>\t\t\t\t\t\t\t\t\t\t\t\t\t<\/div>\n\t\t\t\t<\/div>\n\t\t\t\t\t<\/div>\n\t\t\t\t<\/div>\n\t\t\t\t\t<\/div>\n\t\t\t\t<\/div>\n\t\t\t\t<div class=\"elementor-element elementor-element-72759d57 absolute poa2 elementor-hidden-mobile elementor-widget elementor-widget-html\" data-id=\"72759d57\" data-element_type=\"widget\" data-widget_type=\"html.default\">\n\t\t\t\t<div class=\"elementor-widget-container\">\n\t\t\t<div class=\"triangle-bottomright\"><\/div>\t\t<\/div>\n\t\t\t\t<\/div>\n\t\t\t\t<\/div>\n\t\t<div class=\"elementor-element elementor-element-77c55b4a e-flex e-con-boxed e-con e-parent\" data-id=\"77c55b4a\" data-element_type=\"container\">\n\t\t\t\t\t<div class=\"e-con-inner\">\n\t\t\t\t<div class=\"elementor-element elementor-element-213e766e elementor-widget elementor-widget-text-editor\" data-id=\"213e766e\" data-element_type=\"widget\" data-widget_type=\"text-editor.default\">\n\t\t\t\t<div class=\"elementor-widget-container\">\n\t\t\t\t\t\t\t<div class=\"page\" title=\"Page 2\">\n<div class=\"section\">\n<div class=\"layoutArea\">\n<div class=\"column\">\n<div class=\"page\" title=\"Page 1\">\n<div class=\"section\">\n<div class=\"layoutArea\">\n<div class=\"column\">\n<div class=\"page\" title=\"Page 3\">\n<div class=\"section\">\n<div class=\"layoutArea\">\n<div class=\"column\">\n<p>W naszej klinice stomatologicznej oferujemy kompleksowe us\u0142ugi profilaktyczne dla ca\u0142ej rodziny. Od wieku niemowle\u0328cego do doros\u0142os\u0301ci towarzyszymy Twoim dzieciom w ramach profilaktyki<\/p>\n<\/div>\n<\/div>\n<\/div>\n<\/div>\n<div class=\"page\" title=\"Page 4\">\n<div class=\"section\">\n<div class=\"layoutArea\">\n<div class=\"column\">\n<p>indywidualnej. Pierwsze badanie wczesnego wykrywania problemo\u0301w z ze\u0328bami jest moz\u0307liwe od 6 miesia\u0328ca z\u0307ycia, jeszcze przed pojawieniem sie\u0328 pierwszego ze\u0328ba. Podczas planowanej cia\u0328z\u0307y przysz\u0142a matka powinna przejs\u0301c\u0301 badanie stomatologiczne i regularnie korzystac\u0301 z opieki stomatologicznej w trakcie cia\u0328z\u0307y. Zmiany hormonalne podczas cia\u0328z\u0307y cze\u0328sto prowadza\u0328 do niewielkich problemo\u0301w z dzia\u0328s\u0142ami. Oferujemy ro\u0301wniez\u0307 berlin\u0301ski Dziecie\u0328cy Paszport Stomatologiczny jako uzupe\u0142nienie ksia\u0328z\u0307eczki zdrowia dziecka wre\u0328czanej przy narodzinach. Nawet po ukon\u0301czeniu 18 lat wspieramy zdrowie Twoich ze\u0328bo\u0301w poprzez regularne kontrole i dzia\u0142ania profilaktyczne, takie jak usuwanie kamienia naze\u0328bnego.<\/p>\n<h2>Regularna opieka profilaktyczna<\/h2>\n<p>Regularne wizyty kontrolne, najlepiej co kwarta\u0142, sa\u0328 niezbe\u0328dne do wczesnego wykrywania potencjalnych problemo\u0301w i ich szybkiego leczenia. W ten sposo\u0301b moz\u0307na unikna\u0328c\u0301 rozleg\u0142ych zabiego\u0301w.<\/p>\n<h2>Profesjonalne czyszczenie ze\u0328bo\u0301w<\/h2>\n<p>Nasze profesjonalne czyszczenie ze\u0328bo\u0301w to us\u0142uga prywatna, kto\u0301ra wykracza poza s\u0301wiadczenia ustawowego ubezpieczenia zdrowotnego. Obejmuje usuwanie kamienia naze\u0328bnego i kompleksowe czyszczenie wszystkich ze\u0328bo\u0301w za pomoca\u0328 urza\u0328dzenia do strumienia wody i proszku. W ten sposo\u0301b usuwane sa\u0328 mie\u0328kkie i twarde osady (p\u0142ytka naze\u0328bna i kamien\u0301 naze\u0328bny) oraz przebarwienia od kawy, herbaty, czerwonego wina i nikotyny. Po czyszczeniu ze\u0328by sa\u0328 polerowane, co pozostawia g\u0142adkie i przyjemne uczucie w ustach. To spowalnia tworzenie sie\u0328 nowych osado\u0301w, kamienia naze\u0328bnego i przebarwien\u0301. Dodatkowo cze\u0328sto zauwaz\u0307alny jest delikatny efekt wybielania. Profesjonalne czyszczenie ze\u0328bo\u0301w jest ro\u0301wniez\u0307 zalecane przed wszystkimi zabiegami chirurgicznymi w jamie ustnej lub implantologicznymi. Dzie\u0328ki zmniejszeniu obcia\u0328z\u0307enia bakteryjnego zmniejsza sie\u0328 ryzyko infekcji i pozytywnie wp\u0142ywa na gojenie sie\u0328 ran.<\/p>\n<p>Umo\u0301w sie\u0328 na wizyte\u0328 juz\u0307 dzis\u0301 i skorzystaj z naszego kompleksowego profesjonalnego czyszczenia ze\u0328bo\u0301w.<\/p>\n<\/div>\n<\/div>\n<\/div>\n<\/div>\n<\/div>\n<\/div>\n<\/div>\n<\/div>\n<\/div>\n<\/div>\n<\/div>\n<\/div>\t\t\t\t\t\t<\/div>\n\t\t\t\t<\/div>\n\t\t\t\t\t<\/div>\n\t\t\t\t<\/div>\n\t\t\t\t<\/div>\n\t\t","protected":false},"excerpt":{"rendered":"<p>Profilaktyka i profesjonalne czyszczenie z\u0119b\u00f3w +49 30 621 40 86 WhatsApp Zarezerwuj termin teraz! W naszej klinice stomatologicznej oferujemy kompleksowe us\u0142ugi profilaktyczne dla ca\u0142ej rodziny. Od wieku niemowle\u0328cego do doros\u0142os\u0301ci towarzyszymy Twoim dzieciom w ramach profilaktyki indywidualnej. Pierwsze badanie wczesnego wykrywania problemo\u0301w z ze\u0328bami jest moz\u0307liwe od 6 miesia\u0328ca z\u0307ycia, jeszcze przed pojawieniem sie\u0328 pierwszego [&hellip;]<\/p>\n","protected":false},"author":2,"featured_media":0,"parent":0,"menu_order":0,"comment_status":"closed","ping_status":"closed","template":"","meta":{"_acf_changed":false,"inline_featured_image":false,"footnotes":""},"class_list":["post-1925","page","type-page","status-publish","hentry"],"acf":[],"yoast_head":"<!-- This site is optimized with the Yoast SEO plugin v23.0 - https:\/\/yoast.com\/wordpress\/plugins\/seo\/ -->\n<title>Zahn\u00e4rzte Dr. medic. stom. Irina &amp; Felix Talesnik<\/title>\n<meta name=\"robots\" content=\"index, follow, max-snippet:-1, max-image-preview:large, max-video-preview:-1\" \/>\n<link rel=\"canonical\" href=\"https:\/\/www.zahnarztpraxis-talesnik.de\/pl\/profilaktyka-i-profesjonalne-czyszczenie-zebow\/\" \/>\n<meta property=\"og:locale\" content=\"pl_PL\" \/>\n<meta property=\"og:type\" content=\"article\" \/>\n<meta property=\"og:title\" content=\"Zahn\u00e4rzte Dr. medic. stom. Irina &amp; Felix Talesnik\" \/>\n<meta property=\"og:description\" content=\"Profilaktyka i profesjonalne czyszczenie z\u0119b\u00f3w +49 30 621 40 86 WhatsApp Zarezerwuj termin teraz! W naszej klinice stomatologicznej oferujemy kompleksowe us\u0142ugi profilaktyczne dla ca\u0142ej rodziny. Od wieku niemowle\u0328cego do doros\u0142os\u0301ci towarzyszymy Twoim dzieciom w ramach profilaktyki indywidualnej. Pierwsze badanie wczesnego wykrywania problemo\u0301w z ze\u0328bami jest moz\u0307liwe od 6 miesia\u0328ca z\u0307ycia, jeszcze przed pojawieniem sie\u0328 pierwszego [&hellip;]\" \/>\n<meta property=\"og:url\" content=\"https:\/\/www.zahnarztpraxis-talesnik.de\/pl\/profilaktyka-i-profesjonalne-czyszczenie-zebow\/\" \/>\n<meta property=\"og:site_name\" content=\"Zahn\u00e4rzte Dr. medic. stom. Irina &amp; Felix Talesnik\" \/>\n<meta property=\"article:modified_time\" content=\"2024-07-12T10:00:30+00:00\" \/>\n<meta property=\"og:image\" content=\"https:\/\/dental.holypapa.com\/wp-content\/uploads\/2024\/06\/Prophylaxe.png\" \/>\n<meta name=\"twitter:card\" content=\"summary_large_image\" \/>\n<meta name=\"twitter:label1\" content=\"Szacowany czas czytania\" \/>\n\t<meta name=\"twitter:data1\" content=\"2 minuty\" \/>\n<script type=\"application\/ld+json\" class=\"yoast-schema-graph\">{\"@context\":\"https:\/\/schema.org\",\"@graph\":[{\"@type\":\"WebPage\",\"@id\":\"https:\/\/www.zahnarztpraxis-talesnik.de\/pl\/profilaktyka-i-profesjonalne-czyszczenie-zebow\/\",\"url\":\"https:\/\/www.zahnarztpraxis-talesnik.de\/pl\/profilaktyka-i-profesjonalne-czyszczenie-zebow\/\",\"name\":\"Zahn\u00e4rzte Dr. medic. stom. Irina & Felix Talesnik\",\"isPartOf\":{\"@id\":\"https:\/\/www.zahnarztpraxis-talesnik.de\/#website\"},\"primaryImageOfPage\":{\"@id\":\"https:\/\/www.zahnarztpraxis-talesnik.de\/pl\/profilaktyka-i-profesjonalne-czyszczenie-zebow\/#primaryimage\"},\"image\":{\"@id\":\"https:\/\/www.zahnarztpraxis-talesnik.de\/pl\/profilaktyka-i-profesjonalne-czyszczenie-zebow\/#primaryimage\"},\"thumbnailUrl\":\"https:\/\/dental.holypapa.com\/wp-content\/uploads\/2024\/06\/Prophylaxe.png\",\"datePublished\":\"2024-06-17T19:13:36+00:00\",\"dateModified\":\"2024-07-12T10:00:30+00:00\",\"breadcrumb\":{\"@id\":\"https:\/\/www.zahnarztpraxis-talesnik.de\/pl\/profilaktyka-i-profesjonalne-czyszczenie-zebow\/#breadcrumb\"},\"inLanguage\":\"pl-PL\",\"potentialAction\":[{\"@type\":\"ReadAction\",\"target\":[\"https:\/\/www.zahnarztpraxis-talesnik.de\/pl\/profilaktyka-i-profesjonalne-czyszczenie-zebow\/\"]}]},{\"@type\":\"ImageObject\",\"inLanguage\":\"pl-PL\",\"@id\":\"https:\/\/www.zahnarztpraxis-talesnik.de\/pl\/profilaktyka-i-profesjonalne-czyszczenie-zebow\/#primaryimage\",\"url\":\"https:\/\/dental.holypapa.com\/wp-content\/uploads\/2024\/06\/Prophylaxe.png\",\"contentUrl\":\"https:\/\/dental.holypapa.com\/wp-content\/uploads\/2024\/06\/Prophylaxe.png\"},{\"@type\":\"BreadcrumbList\",\"@id\":\"https:\/\/www.zahnarztpraxis-talesnik.de\/pl\/profilaktyka-i-profesjonalne-czyszczenie-zebow\/#breadcrumb\",\"itemListElement\":[{\"@type\":\"ListItem\",\"position\":1,\"name\":\"Home\",\"item\":\"https:\/\/www.zahnarztpraxis-talesnik.de\/pl\/\"},{\"@type\":\"ListItem\",\"position\":2,\"name\":\"Profilaktyka i profesjonalne czyszczenie z\u0119b\u00f3w\"}]},{\"@type\":\"WebSite\",\"@id\":\"https:\/\/www.zahnarztpraxis-talesnik.de\/#website\",\"url\":\"https:\/\/www.zahnarztpraxis-talesnik.de\/\",\"name\":\"Zahnarztpraxis Dr. medic. stom. Irina & Felix Talesnik\",\"description\":\"\",\"potentialAction\":[{\"@type\":\"SearchAction\",\"target\":{\"@type\":\"EntryPoint\",\"urlTemplate\":\"https:\/\/www.zahnarztpraxis-talesnik.de\/?s={search_term_string}\"},\"query-input\":\"required name=search_term_string\"}],\"inLanguage\":\"pl-PL\"}]}<\/script>\n<!-- \/ Yoast SEO plugin. -->","yoast_head_json":{"title":"Zahn\u00e4rzte Dr. medic. stom. Irina & Felix Talesnik","robots":{"index":"index","follow":"follow","max-snippet":"max-snippet:-1","max-image-preview":"max-image-preview:large","max-video-preview":"max-video-preview:-1"},"canonical":"https:\/\/www.zahnarztpraxis-talesnik.de\/pl\/profilaktyka-i-profesjonalne-czyszczenie-zebow\/","og_locale":"pl_PL","og_type":"article","og_title":"Zahn\u00e4rzte Dr. medic. stom. Irina & Felix Talesnik","og_description":"Profilaktyka i profesjonalne czyszczenie z\u0119b\u00f3w +49 30 621 40 86 WhatsApp Zarezerwuj termin teraz! W naszej klinice stomatologicznej oferujemy kompleksowe us\u0142ugi profilaktyczne dla ca\u0142ej rodziny. Od wieku niemowle\u0328cego do doros\u0142os\u0301ci towarzyszymy Twoim dzieciom w ramach profilaktyki indywidualnej. Pierwsze badanie wczesnego wykrywania problemo\u0301w z ze\u0328bami jest moz\u0307liwe od 6 miesia\u0328ca z\u0307ycia, jeszcze przed pojawieniem sie\u0328 pierwszego [&hellip;]","og_url":"https:\/\/www.zahnarztpraxis-talesnik.de\/pl\/profilaktyka-i-profesjonalne-czyszczenie-zebow\/","og_site_name":"Zahn\u00e4rzte Dr. medic. stom. Irina &amp; Felix Talesnik","article_modified_time":"2024-07-12T10:00:30+00:00","og_image":[{"url":"https:\/\/dental.holypapa.com\/wp-content\/uploads\/2024\/06\/Prophylaxe.png"}],"twitter_card":"summary_large_image","twitter_misc":{"Szacowany czas czytania":"2 minuty"},"schema":{"@context":"https:\/\/schema.org","@graph":[{"@type":"WebPage","@id":"https:\/\/www.zahnarztpraxis-talesnik.de\/pl\/profilaktyka-i-profesjonalne-czyszczenie-zebow\/","url":"https:\/\/www.zahnarztpraxis-talesnik.de\/pl\/profilaktyka-i-profesjonalne-czyszczenie-zebow\/","name":"Zahn\u00e4rzte Dr. medic. stom. Irina & Felix Talesnik","isPartOf":{"@id":"https:\/\/www.zahnarztpraxis-talesnik.de\/#website"},"primaryImageOfPage":{"@id":"https:\/\/www.zahnarztpraxis-talesnik.de\/pl\/profilaktyka-i-profesjonalne-czyszczenie-zebow\/#primaryimage"},"image":{"@id":"https:\/\/www.zahnarztpraxis-talesnik.de\/pl\/profilaktyka-i-profesjonalne-czyszczenie-zebow\/#primaryimage"},"thumbnailUrl":"https:\/\/dental.holypapa.com\/wp-content\/uploads\/2024\/06\/Prophylaxe.png","datePublished":"2024-06-17T19:13:36+00:00","dateModified":"2024-07-12T10:00:30+00:00","breadcrumb":{"@id":"https:\/\/www.zahnarztpraxis-talesnik.de\/pl\/profilaktyka-i-profesjonalne-czyszczenie-zebow\/#breadcrumb"},"inLanguage":"pl-PL","potentialAction":[{"@type":"ReadAction","target":["https:\/\/www.zahnarztpraxis-talesnik.de\/pl\/profilaktyka-i-profesjonalne-czyszczenie-zebow\/"]}]},{"@type":"ImageObject","inLanguage":"pl-PL","@id":"https:\/\/www.zahnarztpraxis-talesnik.de\/pl\/profilaktyka-i-profesjonalne-czyszczenie-zebow\/#primaryimage","url":"https:\/\/dental.holypapa.com\/wp-content\/uploads\/2024\/06\/Prophylaxe.png","contentUrl":"https:\/\/dental.holypapa.com\/wp-content\/uploads\/2024\/06\/Prophylaxe.png"},{"@type":"BreadcrumbList","@id":"https:\/\/www.zahnarztpraxis-talesnik.de\/pl\/profilaktyka-i-profesjonalne-czyszczenie-zebow\/#breadcrumb","itemListElement":[{"@type":"ListItem","position":1,"name":"Home","item":"https:\/\/www.zahnarztpraxis-talesnik.de\/pl\/"},{"@type":"ListItem","position":2,"name":"Profilaktyka i profesjonalne czyszczenie z\u0119b\u00f3w"}]},{"@type":"WebSite","@id":"https:\/\/www.zahnarztpraxis-talesnik.de\/#website","url":"https:\/\/www.zahnarztpraxis-talesnik.de\/","name":"Zahnarztpraxis Dr. medic. stom. Irina & Felix Talesnik","description":"","potentialAction":[{"@type":"SearchAction","target":{"@type":"EntryPoint","urlTemplate":"https:\/\/www.zahnarztpraxis-talesnik.de\/?s={search_term_string}"},"query-input":"required name=search_term_string"}],"inLanguage":"pl-PL"}]}},"_links":{"self":[{"href":"https:\/\/www.zahnarztpraxis-talesnik.de\/pl\/wp-json\/wp\/v2\/pages\/1925","targetHints":{"allow":["GET"]}}],"collection":[{"href":"https:\/\/www.zahnarztpraxis-talesnik.de\/pl\/wp-json\/wp\/v2\/pages"}],"about":[{"href":"https:\/\/www.zahnarztpraxis-talesnik.de\/pl\/wp-json\/wp\/v2\/types\/page"}],"author":[{"embeddable":true,"href":"https:\/\/www.zahnarztpraxis-talesnik.de\/pl\/wp-json\/wp\/v2\/users\/2"}],"replies":[{"embeddable":true,"href":"https:\/\/www.zahnarztpraxis-talesnik.de\/pl\/wp-json\/wp\/v2\/comments?post=1925"}],"version-history":[{"count":7,"href":"https:\/\/www.zahnarztpraxis-talesnik.de\/pl\/wp-json\/wp\/v2\/pages\/1925\/revisions"}],"predecessor-version":[{"id":3541,"href":"https:\/\/www.zahnarztpraxis-talesnik.de\/pl\/wp-json\/wp\/v2\/pages\/1925\/revisions\/3541"}],"wp:attachment":[{"href":"https:\/\/www.zahnarztpraxis-talesnik.de\/pl\/wp-json\/wp\/v2\/media?parent=1925"}],"curies":[{"name":"wp","href":"https:\/\/api.w.org\/{rel}","templated":true}]}}