{"id":2459,"date":"2024-06-17T21:15:05","date_gmt":"2024-06-17T19:15:05","guid":{"rendered":"https:\/\/dental.holypapa.com\/?page_id=2459"},"modified":"2024-07-12T12:00:43","modified_gmt":"2024-07-12T10:00:43","slug":"protetyka-stomatologiczna","status":"publish","type":"page","link":"https:\/\/www.zahnarztpraxis-talesnik.de\/pl\/protetyka-stomatologiczna\/","title":{"rendered":"Protetyka stomatologiczna"},"content":{"rendered":"\t\t<div data-elementor-type=\"wp-page\" data-elementor-id=\"2459\" class=\"elementor elementor-2459 elementor-492\">\n\t\t\t\t<div class=\"elementor-element elementor-element-74f46df6 e-con-full relative e-flex e-con e-parent\" data-id=\"74f46df6\" data-element_type=\"container\" data-settings=\"{&quot;background_background&quot;:&quot;classic&quot;}\">\n\t\t<div class=\"elementor-element elementor-element-2278f5a8 e-flex e-con-boxed e-con e-child\" data-id=\"2278f5a8\" data-element_type=\"container\" data-settings=\"{&quot;background_background&quot;:&quot;classic&quot;}\">\n\t\t\t\t\t<div class=\"e-con-inner\">\n\t\t<div class=\"elementor-element elementor-element-73b1d283 e-flex e-con-boxed e-con e-child\" data-id=\"73b1d283\" data-element_type=\"container\">\n\t\t\t\t\t<div class=\"e-con-inner\">\n\t\t\t\t<div class=\"elementor-element elementor-element-2f3dec45 h1-top  color-grey elementor-widget elementor-widget-text-editor\" data-id=\"2f3dec45\" data-element_type=\"widget\" data-widget_type=\"text-editor.default\">\n\t\t\t\t<div class=\"elementor-widget-container\">\n\t\t\t<style>\/*! elementor - v3.23.0 - 15-07-2024 *\/\n.elementor-widget-text-editor.elementor-drop-cap-view-stacked .elementor-drop-cap{background-color:#69727d;color:#fff}.elementor-widget-text-editor.elementor-drop-cap-view-framed .elementor-drop-cap{color:#69727d;border:3px solid;background-color:transparent}.elementor-widget-text-editor:not(.elementor-drop-cap-view-default) .elementor-drop-cap{margin-top:8px}.elementor-widget-text-editor:not(.elementor-drop-cap-view-default) .elementor-drop-cap-letter{width:1em;height:1em}.elementor-widget-text-editor .elementor-drop-cap{float:left;text-align:center;line-height:1;font-size:50px}.elementor-widget-text-editor .elementor-drop-cap-letter{display:inline-block}<\/style>\t\t\t\t<h1><span data-sheets-root=\"1\">Protetyka stomatologiczna<\/span><\/h1>\t\t\t\t\t\t<\/div>\n\t\t\t\t<\/div>\n\t\t\t\t<div class=\"elementor-element elementor-element-5dfa3909 elementor-widget elementor-widget-html\" data-id=\"5dfa3909\" data-element_type=\"widget\" data-widget_type=\"html.default\">\n\t\t\t\t<div class=\"elementor-widget-container\">\n\t\t\t<div class=\"buttons__block\">\n\t<a href=\"tel:+49306214086\" class=\"button button--white-2\" target=\"_blank\">+49 30 621 40 86<\/a>\n\t<a href=\"https:\/\/wa.me\/4915115945994\" class=\"button button--white-2\" target=\"_blank\">WhatsApp<\/a>\n\t<a href=\"https:\/\/www.doctolib.de\/praxis\/berlin\/zahnarztpraxis-felix-und-dr-irina-talesnik\/\" class=\"button button--white-2\" target=\"_blank\">Zarezerwuj termin teraz!<\/a>\n<\/div>\t\t<\/div>\n\t\t\t\t<\/div>\n\t\t\t\t\t<\/div>\n\t\t\t\t<\/div>\n\t\t<div class=\"elementor-element elementor-element-5af1fd84 e-flex e-con-boxed e-con e-child\" data-id=\"5af1fd84\" data-element_type=\"container\">\n\t\t\t\t\t<div class=\"e-con-inner\">\n\t\t\t\t<div class=\"elementor-element elementor-element-33136331 elementor-widget elementor-widget-image\" data-id=\"33136331\" data-element_type=\"widget\" data-widget_type=\"image.default\">\n\t\t\t\t<div class=\"elementor-widget-container\">\n\t\t\t<style>\/*! elementor - v3.23.0 - 15-07-2024 *\/\n.elementor-widget-image{text-align:center}.elementor-widget-image a{display:inline-block}.elementor-widget-image a img[src$=\".svg\"]{width:48px}.elementor-widget-image img{vertical-align:middle;display:inline-block}<\/style>\t\t\t\t\t\t\t\t\t\t<img fetchpriority=\"high\" decoding=\"async\" width=\"640\" height=\"555\" src=\"https:\/\/www.zahnarztpraxis-talesnik.de\/wp-content\/uploads\/2024\/06\/Zahnmedizinische-Prothetik.png\" class=\"attachment-large size-large wp-image-821\" alt=\"\" srcset=\"https:\/\/www.zahnarztpraxis-talesnik.de\/wp-content\/uploads\/2024\/06\/Zahnmedizinische-Prothetik.png 1002w, https:\/\/www.zahnarztpraxis-talesnik.de\/wp-content\/uploads\/2024\/06\/Zahnmedizinische-Prothetik-300x260.png 300w, https:\/\/www.zahnarztpraxis-talesnik.de\/wp-content\/uploads\/2024\/06\/Zahnmedizinische-Prothetik-768x666.png 768w\" sizes=\"(max-width: 640px) 100vw, 640px\" \/>\t\t\t\t\t\t\t\t\t\t\t\t\t<\/div>\n\t\t\t\t<\/div>\n\t\t\t\t\t<\/div>\n\t\t\t\t<\/div>\n\t\t\t\t\t<\/div>\n\t\t\t\t<\/div>\n\t\t\t\t<div class=\"elementor-element elementor-element-453a2cc4 absolute poa2 elementor-widget elementor-widget-html\" data-id=\"453a2cc4\" data-element_type=\"widget\" data-widget_type=\"html.default\">\n\t\t\t\t<div class=\"elementor-widget-container\">\n\t\t\t<div class=\"triangle-bottomright\"><\/div>\t\t<\/div>\n\t\t\t\t<\/div>\n\t\t\t\t<\/div>\n\t\t<div class=\"elementor-element elementor-element-7d1244ef e-flex e-con-boxed e-con e-parent\" data-id=\"7d1244ef\" data-element_type=\"container\">\n\t\t\t\t\t<div class=\"e-con-inner\">\n\t\t\t\t<div class=\"elementor-element elementor-element-11202e3f elementor-widget elementor-widget-text-editor\" data-id=\"11202e3f\" data-element_type=\"widget\" data-widget_type=\"text-editor.default\">\n\t\t\t\t<div class=\"elementor-widget-container\">\n\t\t\t\t\t\t\t<div class=\"page\" title=\"Page 3\">\n<div class=\"section\">\n<div class=\"layoutArea\">\n<div class=\"column\">\n<p>Nasza praktyka stomatologiczna oferuje kompleksowy zakres us\u0142ug protetyki stomatologicznej dostosowanych do indywidualnych potrzeb naszych pacjento\u0301w.<\/p>\n<h2>Korony<\/h2>\n<p>Wysokiej jakos\u0301ci naprawa pojedynczych, uszkodzonych ze\u0328bo\u0301w za pomoca\u0328 specjalnie wykonanych, sta\u0142ych koron.<\/p>\n<h2>Mosty<\/h2>\n<p>Sta\u0142a rekonstrukcja ma\u0142ych luk poprzez uwzgle\u0328dnienie sa\u0328siednich ze\u0328bo\u0301w.<\/p>\n<h2>Protezy cze\u0328s\u0301ciowe<\/h2>\n<p>Wyjmowane rozwia\u0328zanie dla kilku brakuja\u0328cych ze\u0328bo\u0301w.<\/p>\n<\/div>\n<\/div>\n<div class=\"layoutArea\">\n<div class=\"column\">\n<h2>Protezy ca\u0142kowite<\/h2>\n<\/div>\n<\/div>\n<\/div>\n<\/div>\n<div class=\"page\" title=\"Page 4\">\n<div class=\"section\">\n<div class=\"layoutArea\">\n<div class=\"column\">\n<p>Wyjmowane rozwia\u0328zanie dla ca\u0142kowicie bezze\u0328bnej szcze\u0328ki.<\/p>\n<\/div>\n<\/div>\n<div class=\"layoutArea\">\n<div class=\"column\">\n<h2>Protezy szkieletowe<\/h2>\n<p>Trwalsza i bardziej wytrzyma\u0142a konstrukcja protez z wbudowanym metalowym szkieletem.<\/p>\n<h2>Protezy teleskopowe<\/h2>\n<p>Precyzyjne i wyjmowane protezy zapewniaja\u0328ce najlepsze dopasowanie i komfort przy niewielu pozosta\u0142ych ze\u0328bach.<\/p>\n<h2>Protetyka implantologiczna<\/h2>\n<p>Zaopatrzenie implanto\u0301w we wszystkie wyz\u0307ej wymienione formy protetyki stomatologicznej.<\/p>\n<p>Skontaktuj sie\u0328 z nami w celu uzyskania osobistej konsultacji i dowiedz sie\u0328 wie\u0328cej o najlepiej dopasowanej, spersonalizowanej protezie dentystycznej dla Ciebie.<\/p>\n<\/div>\n<\/div>\n<\/div>\n<\/div>\t\t\t\t\t\t<\/div>\n\t\t\t\t<\/div>\n\t\t\t\t\t<\/div>\n\t\t\t\t<\/div>\n\t\t\t\t<\/div>\n\t\t","protected":false},"excerpt":{"rendered":"<p>Protetyka stomatologiczna +49 30 621 40 86 WhatsApp Zarezerwuj termin teraz! Nasza praktyka stomatologiczna oferuje kompleksowy zakres us\u0142ug protetyki stomatologicznej dostosowanych do indywidualnych potrzeb naszych pacjento\u0301w. Korony Wysokiej jakos\u0301ci naprawa pojedynczych, uszkodzonych ze\u0328bo\u0301w za pomoca\u0328 specjalnie wykonanych, sta\u0142ych koron. Mosty Sta\u0142a rekonstrukcja ma\u0142ych luk poprzez uwzgle\u0328dnienie sa\u0328siednich ze\u0328bo\u0301w. Protezy cze\u0328s\u0301ciowe Wyjmowane rozwia\u0328zanie dla kilku brakuja\u0328cych [&hellip;]<\/p>\n","protected":false},"author":2,"featured_media":0,"parent":0,"menu_order":0,"comment_status":"closed","ping_status":"closed","template":"","meta":{"_acf_changed":false,"inline_featured_image":false,"footnotes":""},"class_list":["post-2459","page","type-page","status-publish","hentry"],"acf":[],"yoast_head":"<!-- This site is optimized with the Yoast SEO plugin v23.0 - https:\/\/yoast.com\/wordpress\/plugins\/seo\/ -->\n<title>Zahn\u00e4rzte Dr. medic. stom. Irina &amp; Felix Talesnik<\/title>\n<meta name=\"robots\" content=\"index, follow, max-snippet:-1, max-image-preview:large, max-video-preview:-1\" \/>\n<link rel=\"canonical\" href=\"https:\/\/www.zahnarztpraxis-talesnik.de\/pl\/protetyka-stomatologiczna\/\" \/>\n<meta property=\"og:locale\" content=\"pl_PL\" \/>\n<meta property=\"og:type\" content=\"article\" \/>\n<meta property=\"og:title\" content=\"Zahn\u00e4rzte Dr. medic. stom. Irina &amp; Felix Talesnik\" \/>\n<meta property=\"og:description\" content=\"Protetyka stomatologiczna +49 30 621 40 86 WhatsApp Zarezerwuj termin teraz! Nasza praktyka stomatologiczna oferuje kompleksowy zakres us\u0142ug protetyki stomatologicznej dostosowanych do indywidualnych potrzeb naszych pacjento\u0301w. Korony Wysokiej jakos\u0301ci naprawa pojedynczych, uszkodzonych ze\u0328bo\u0301w za pomoca\u0328 specjalnie wykonanych, sta\u0142ych koron. Mosty Sta\u0142a rekonstrukcja ma\u0142ych luk poprzez uwzgle\u0328dnienie sa\u0328siednich ze\u0328bo\u0301w. Protezy cze\u0328s\u0301ciowe Wyjmowane rozwia\u0328zanie dla kilku brakuja\u0328cych [&hellip;]\" \/>\n<meta property=\"og:url\" content=\"https:\/\/www.zahnarztpraxis-talesnik.de\/pl\/protetyka-stomatologiczna\/\" \/>\n<meta property=\"og:site_name\" content=\"Zahn\u00e4rzte Dr. medic. stom. Irina &amp; Felix Talesnik\" \/>\n<meta property=\"article:modified_time\" content=\"2024-07-12T10:00:43+00:00\" \/>\n<meta property=\"og:image\" content=\"https:\/\/dental.holypapa.com\/wp-content\/uploads\/2024\/06\/Zahnmedizinische-Prothetik.png\" \/>\n<meta name=\"twitter:card\" content=\"summary_large_image\" \/>\n<meta name=\"twitter:label1\" content=\"Szacowany czas czytania\" \/>\n\t<meta name=\"twitter:data1\" content=\"1 minuta\" \/>\n<script type=\"application\/ld+json\" class=\"yoast-schema-graph\">{\"@context\":\"https:\/\/schema.org\",\"@graph\":[{\"@type\":\"WebPage\",\"@id\":\"https:\/\/www.zahnarztpraxis-talesnik.de\/pl\/protetyka-stomatologiczna\/\",\"url\":\"https:\/\/www.zahnarztpraxis-talesnik.de\/pl\/protetyka-stomatologiczna\/\",\"name\":\"Zahn\u00e4rzte Dr. medic. stom. Irina & Felix Talesnik\",\"isPartOf\":{\"@id\":\"https:\/\/www.zahnarztpraxis-talesnik.de\/#website\"},\"primaryImageOfPage\":{\"@id\":\"https:\/\/www.zahnarztpraxis-talesnik.de\/pl\/protetyka-stomatologiczna\/#primaryimage\"},\"image\":{\"@id\":\"https:\/\/www.zahnarztpraxis-talesnik.de\/pl\/protetyka-stomatologiczna\/#primaryimage\"},\"thumbnailUrl\":\"https:\/\/dental.holypapa.com\/wp-content\/uploads\/2024\/06\/Zahnmedizinische-Prothetik.png\",\"datePublished\":\"2024-06-17T19:15:05+00:00\",\"dateModified\":\"2024-07-12T10:00:43+00:00\",\"breadcrumb\":{\"@id\":\"https:\/\/www.zahnarztpraxis-talesnik.de\/pl\/protetyka-stomatologiczna\/#breadcrumb\"},\"inLanguage\":\"pl-PL\",\"potentialAction\":[{\"@type\":\"ReadAction\",\"target\":[\"https:\/\/www.zahnarztpraxis-talesnik.de\/pl\/protetyka-stomatologiczna\/\"]}]},{\"@type\":\"ImageObject\",\"inLanguage\":\"pl-PL\",\"@id\":\"https:\/\/www.zahnarztpraxis-talesnik.de\/pl\/protetyka-stomatologiczna\/#primaryimage\",\"url\":\"https:\/\/dental.holypapa.com\/wp-content\/uploads\/2024\/06\/Zahnmedizinische-Prothetik.png\",\"contentUrl\":\"https:\/\/dental.holypapa.com\/wp-content\/uploads\/2024\/06\/Zahnmedizinische-Prothetik.png\"},{\"@type\":\"BreadcrumbList\",\"@id\":\"https:\/\/www.zahnarztpraxis-talesnik.de\/pl\/protetyka-stomatologiczna\/#breadcrumb\",\"itemListElement\":[{\"@type\":\"ListItem\",\"position\":1,\"name\":\"Home\",\"item\":\"https:\/\/www.zahnarztpraxis-talesnik.de\/pl\/\"},{\"@type\":\"ListItem\",\"position\":2,\"name\":\"Protetyka stomatologiczna\"}]},{\"@type\":\"WebSite\",\"@id\":\"https:\/\/www.zahnarztpraxis-talesnik.de\/#website\",\"url\":\"https:\/\/www.zahnarztpraxis-talesnik.de\/\",\"name\":\"Zahnarztpraxis Dr. medic. stom. Irina & Felix Talesnik\",\"description\":\"\",\"potentialAction\":[{\"@type\":\"SearchAction\",\"target\":{\"@type\":\"EntryPoint\",\"urlTemplate\":\"https:\/\/www.zahnarztpraxis-talesnik.de\/?s={search_term_string}\"},\"query-input\":\"required name=search_term_string\"}],\"inLanguage\":\"pl-PL\"}]}<\/script>\n<!-- \/ Yoast SEO plugin. -->","yoast_head_json":{"title":"Zahn\u00e4rzte Dr. medic. stom. Irina & Felix Talesnik","robots":{"index":"index","follow":"follow","max-snippet":"max-snippet:-1","max-image-preview":"max-image-preview:large","max-video-preview":"max-video-preview:-1"},"canonical":"https:\/\/www.zahnarztpraxis-talesnik.de\/pl\/protetyka-stomatologiczna\/","og_locale":"pl_PL","og_type":"article","og_title":"Zahn\u00e4rzte Dr. medic. stom. Irina & Felix Talesnik","og_description":"Protetyka stomatologiczna +49 30 621 40 86 WhatsApp Zarezerwuj termin teraz! Nasza praktyka stomatologiczna oferuje kompleksowy zakres us\u0142ug protetyki stomatologicznej dostosowanych do indywidualnych potrzeb naszych pacjento\u0301w. Korony Wysokiej jakos\u0301ci naprawa pojedynczych, uszkodzonych ze\u0328bo\u0301w za pomoca\u0328 specjalnie wykonanych, sta\u0142ych koron. Mosty Sta\u0142a rekonstrukcja ma\u0142ych luk poprzez uwzgle\u0328dnienie sa\u0328siednich ze\u0328bo\u0301w. Protezy cze\u0328s\u0301ciowe Wyjmowane rozwia\u0328zanie dla kilku brakuja\u0328cych [&hellip;]","og_url":"https:\/\/www.zahnarztpraxis-talesnik.de\/pl\/protetyka-stomatologiczna\/","og_site_name":"Zahn\u00e4rzte Dr. medic. stom. Irina &amp; Felix Talesnik","article_modified_time":"2024-07-12T10:00:43+00:00","og_image":[{"url":"https:\/\/dental.holypapa.com\/wp-content\/uploads\/2024\/06\/Zahnmedizinische-Prothetik.png"}],"twitter_card":"summary_large_image","twitter_misc":{"Szacowany czas czytania":"1 minuta"},"schema":{"@context":"https:\/\/schema.org","@graph":[{"@type":"WebPage","@id":"https:\/\/www.zahnarztpraxis-talesnik.de\/pl\/protetyka-stomatologiczna\/","url":"https:\/\/www.zahnarztpraxis-talesnik.de\/pl\/protetyka-stomatologiczna\/","name":"Zahn\u00e4rzte Dr. medic. stom. Irina & Felix Talesnik","isPartOf":{"@id":"https:\/\/www.zahnarztpraxis-talesnik.de\/#website"},"primaryImageOfPage":{"@id":"https:\/\/www.zahnarztpraxis-talesnik.de\/pl\/protetyka-stomatologiczna\/#primaryimage"},"image":{"@id":"https:\/\/www.zahnarztpraxis-talesnik.de\/pl\/protetyka-stomatologiczna\/#primaryimage"},"thumbnailUrl":"https:\/\/dental.holypapa.com\/wp-content\/uploads\/2024\/06\/Zahnmedizinische-Prothetik.png","datePublished":"2024-06-17T19:15:05+00:00","dateModified":"2024-07-12T10:00:43+00:00","breadcrumb":{"@id":"https:\/\/www.zahnarztpraxis-talesnik.de\/pl\/protetyka-stomatologiczna\/#breadcrumb"},"inLanguage":"pl-PL","potentialAction":[{"@type":"ReadAction","target":["https:\/\/www.zahnarztpraxis-talesnik.de\/pl\/protetyka-stomatologiczna\/"]}]},{"@type":"ImageObject","inLanguage":"pl-PL","@id":"https:\/\/www.zahnarztpraxis-talesnik.de\/pl\/protetyka-stomatologiczna\/#primaryimage","url":"https:\/\/dental.holypapa.com\/wp-content\/uploads\/2024\/06\/Zahnmedizinische-Prothetik.png","contentUrl":"https:\/\/dental.holypapa.com\/wp-content\/uploads\/2024\/06\/Zahnmedizinische-Prothetik.png"},{"@type":"BreadcrumbList","@id":"https:\/\/www.zahnarztpraxis-talesnik.de\/pl\/protetyka-stomatologiczna\/#breadcrumb","itemListElement":[{"@type":"ListItem","position":1,"name":"Home","item":"https:\/\/www.zahnarztpraxis-talesnik.de\/pl\/"},{"@type":"ListItem","position":2,"name":"Protetyka stomatologiczna"}]},{"@type":"WebSite","@id":"https:\/\/www.zahnarztpraxis-talesnik.de\/#website","url":"https:\/\/www.zahnarztpraxis-talesnik.de\/","name":"Zahnarztpraxis Dr. medic. stom. Irina & Felix Talesnik","description":"","potentialAction":[{"@type":"SearchAction","target":{"@type":"EntryPoint","urlTemplate":"https:\/\/www.zahnarztpraxis-talesnik.de\/?s={search_term_string}"},"query-input":"required name=search_term_string"}],"inLanguage":"pl-PL"}]}},"_links":{"self":[{"href":"https:\/\/www.zahnarztpraxis-talesnik.de\/pl\/wp-json\/wp\/v2\/pages\/2459","targetHints":{"allow":["GET"]}}],"collection":[{"href":"https:\/\/www.zahnarztpraxis-talesnik.de\/pl\/wp-json\/wp\/v2\/pages"}],"about":[{"href":"https:\/\/www.zahnarztpraxis-talesnik.de\/pl\/wp-json\/wp\/v2\/types\/page"}],"author":[{"embeddable":true,"href":"https:\/\/www.zahnarztpraxis-talesnik.de\/pl\/wp-json\/wp\/v2\/users\/2"}],"replies":[{"embeddable":true,"href":"https:\/\/www.zahnarztpraxis-talesnik.de\/pl\/wp-json\/wp\/v2\/comments?post=2459"}],"version-history":[{"count":17,"href":"https:\/\/www.zahnarztpraxis-talesnik.de\/pl\/wp-json\/wp\/v2\/pages\/2459\/revisions"}],"predecessor-version":[{"id":3559,"href":"https:\/\/www.zahnarztpraxis-talesnik.de\/pl\/wp-json\/wp\/v2\/pages\/2459\/revisions\/3559"}],"wp:attachment":[{"href":"https:\/\/www.zahnarztpraxis-talesnik.de\/pl\/wp-json\/wp\/v2\/media?parent=2459"}],"curies":[{"name":"wp","href":"https:\/\/api.w.org\/{rel}","templated":true}]}}