{"id":2460,"date":"2024-06-17T21:15:05","date_gmt":"2024-06-17T19:15:05","guid":{"rendered":"https:\/\/dental.holypapa.com\/?page_id=2460"},"modified":"2024-07-12T12:00:47","modified_gmt":"2024-07-12T10:00:47","slug":"proteza-dentara","status":"publish","type":"page","link":"https:\/\/www.zahnarztpraxis-talesnik.de\/ro\/proteza-dentara\/","title":{"rendered":"Protez\u0103 dentar\u0103"},"content":{"rendered":"\t\t<div data-elementor-type=\"wp-page\" data-elementor-id=\"2460\" class=\"elementor elementor-2460 elementor-492\">\n\t\t\t\t<div class=\"elementor-element elementor-element-74f46df6 e-con-full relative e-flex e-con e-parent\" data-id=\"74f46df6\" data-element_type=\"container\" data-settings=\"{&quot;background_background&quot;:&quot;classic&quot;}\">\n\t\t<div class=\"elementor-element elementor-element-2278f5a8 e-flex e-con-boxed e-con e-child\" data-id=\"2278f5a8\" data-element_type=\"container\" data-settings=\"{&quot;background_background&quot;:&quot;classic&quot;}\">\n\t\t\t\t\t<div class=\"e-con-inner\">\n\t\t<div class=\"elementor-element elementor-element-73b1d283 e-flex e-con-boxed e-con e-child\" data-id=\"73b1d283\" data-element_type=\"container\">\n\t\t\t\t\t<div class=\"e-con-inner\">\n\t\t\t\t<div class=\"elementor-element elementor-element-2f3dec45 h1-top  color-grey elementor-widget elementor-widget-text-editor\" data-id=\"2f3dec45\" data-element_type=\"widget\" data-widget_type=\"text-editor.default\">\n\t\t\t\t<div class=\"elementor-widget-container\">\n\t\t\t<style>\/*! elementor - v3.23.0 - 15-07-2024 *\/\n.elementor-widget-text-editor.elementor-drop-cap-view-stacked .elementor-drop-cap{background-color:#69727d;color:#fff}.elementor-widget-text-editor.elementor-drop-cap-view-framed .elementor-drop-cap{color:#69727d;border:3px solid;background-color:transparent}.elementor-widget-text-editor:not(.elementor-drop-cap-view-default) .elementor-drop-cap{margin-top:8px}.elementor-widget-text-editor:not(.elementor-drop-cap-view-default) .elementor-drop-cap-letter{width:1em;height:1em}.elementor-widget-text-editor .elementor-drop-cap{float:left;text-align:center;line-height:1;font-size:50px}.elementor-widget-text-editor .elementor-drop-cap-letter{display:inline-block}<\/style>\t\t\t\t<h1>Protez\u0103 dentar\u0103<\/h1>\t\t\t\t\t\t<\/div>\n\t\t\t\t<\/div>\n\t\t\t\t<div class=\"elementor-element elementor-element-5dfa3909 elementor-widget elementor-widget-html\" data-id=\"5dfa3909\" data-element_type=\"widget\" data-widget_type=\"html.default\">\n\t\t\t\t<div class=\"elementor-widget-container\">\n\t\t\t<div class=\"buttons__block\">\n\t<a href=\"tel:+49306214086\" class=\"button button--white-2\" target=\"_blank\">+49 30 621 40 86<\/a>\n\t<a href=\"https:\/\/wa.me\/4915115945994\" class=\"button button--white-2\" target=\"_blank\">WhatsApp<\/a>\n\t<a href=\"https:\/\/www.doctolib.de\/praxis\/berlin\/zahnarztpraxis-felix-und-dr-irina-talesnik\/\" class=\"button button--white-2\" target=\"_blank\">Rezerv\u0103 o programare acum!<\/a>\n<\/div>\t\t<\/div>\n\t\t\t\t<\/div>\n\t\t\t\t\t<\/div>\n\t\t\t\t<\/div>\n\t\t<div class=\"elementor-element elementor-element-5af1fd84 e-flex e-con-boxed e-con e-child\" data-id=\"5af1fd84\" data-element_type=\"container\">\n\t\t\t\t\t<div class=\"e-con-inner\">\n\t\t\t\t<div class=\"elementor-element elementor-element-33136331 elementor-widget elementor-widget-image\" data-id=\"33136331\" data-element_type=\"widget\" data-widget_type=\"image.default\">\n\t\t\t\t<div class=\"elementor-widget-container\">\n\t\t\t<style>\/*! elementor - v3.23.0 - 15-07-2024 *\/\n.elementor-widget-image{text-align:center}.elementor-widget-image a{display:inline-block}.elementor-widget-image a img[src$=\".svg\"]{width:48px}.elementor-widget-image img{vertical-align:middle;display:inline-block}<\/style>\t\t\t\t\t\t\t\t\t\t<img fetchpriority=\"high\" decoding=\"async\" width=\"640\" height=\"555\" src=\"https:\/\/www.zahnarztpraxis-talesnik.de\/wp-content\/uploads\/2024\/06\/Zahnmedizinische-Prothetik.png\" class=\"attachment-large size-large wp-image-821\" alt=\"\" srcset=\"https:\/\/www.zahnarztpraxis-talesnik.de\/wp-content\/uploads\/2024\/06\/Zahnmedizinische-Prothetik.png 1002w, https:\/\/www.zahnarztpraxis-talesnik.de\/wp-content\/uploads\/2024\/06\/Zahnmedizinische-Prothetik-300x260.png 300w, https:\/\/www.zahnarztpraxis-talesnik.de\/wp-content\/uploads\/2024\/06\/Zahnmedizinische-Prothetik-768x666.png 768w\" sizes=\"(max-width: 640px) 100vw, 640px\" \/>\t\t\t\t\t\t\t\t\t\t\t\t\t<\/div>\n\t\t\t\t<\/div>\n\t\t\t\t\t<\/div>\n\t\t\t\t<\/div>\n\t\t\t\t\t<\/div>\n\t\t\t\t<\/div>\n\t\t\t\t<div class=\"elementor-element elementor-element-453a2cc4 absolute poa2 elementor-widget elementor-widget-html\" data-id=\"453a2cc4\" data-element_type=\"widget\" data-widget_type=\"html.default\">\n\t\t\t\t<div class=\"elementor-widget-container\">\n\t\t\t<div class=\"triangle-bottomright\"><\/div>\t\t<\/div>\n\t\t\t\t<\/div>\n\t\t\t\t<\/div>\n\t\t<div class=\"elementor-element elementor-element-7d1244ef e-flex e-con-boxed e-con e-parent\" data-id=\"7d1244ef\" data-element_type=\"container\">\n\t\t\t\t\t<div class=\"e-con-inner\">\n\t\t\t\t<div class=\"elementor-element elementor-element-11202e3f elementor-widget elementor-widget-text-editor\" data-id=\"11202e3f\" data-element_type=\"widget\" data-widget_type=\"text-editor.default\">\n\t\t\t\t<div class=\"elementor-widget-container\">\n\t\t\t\t\t\t\t<p>Cabinetul nostru stomatologic ofer\u0103 o gam\u0103 cuprinz\u0103toare de servicii de protez\u0103 dentar\u0103, adaptate nevoilor individuale ale pacien\u021bilor no\u0219tri.<br><\/p>\n<h2>Coroane<\/h2>\n<p><br>Repararea de \u00eenalt\u0103 calitate a din\u021bilor individuali deteriora\u021bi cu coroane fixe personalizate.<br><\/p>\n<h2>Punte dentar\u0103<\/h2>\n<p><br>Reconstruc\u021bia fix\u0103 a golurilor mici prin implicarea din\u021bilor vecini.<br><\/p>\n<h2>Proteze par\u021biale<\/h2>\n<p><br>Solu\u021bie deta\u0219abil\u0103 pentru mai mul\u021bi din\u021bi lips\u0103.<br><\/p>\n<h2>Proteze totale<\/h2>\n<p><br>Solu\u021bie deta\u0219abil\u0103 pentru o maxilar\u0103 complet edentat\u0103.<br><\/p>\n<h2>Proteze turnate<\/h2>\n<p><br>Construc\u021bie de proteze mai robuste \u0219i mai durabile, cu un cadru metalic integrat.<br><\/p>\n<h2>Proteze telescopice<\/h2>\n<p><br>Proteze precise \u0219i deta\u0219abile pentru cea mai bun\u0103 fixare \u0219i confort cu c\u00e2\u021biva din\u021bi r\u0103ma\u0219i.<br><\/p>\n<h2>Protez\u0103 pe implant<\/h2>\n<p><br>Aprovizionarea implanturilor cu toate formele de protez\u0103 dentar\u0103 men\u021bionate mai sus.<br>Contacta\u021bi-ne pentru o consulta\u021bie personal\u0103 \u0219i afla\u021bi mai multe despre proteza dentar\u0103 personalizat\u0103 care vi se potrive\u0219te cel mai bine.<\/p>\t\t\t\t\t\t<\/div>\n\t\t\t\t<\/div>\n\t\t\t\t\t<\/div>\n\t\t\t\t<\/div>\n\t\t\t\t<\/div>\n\t\t","protected":false},"excerpt":{"rendered":"<p>Protez\u0103 dentar\u0103 +49 30 621 40 86 WhatsApp Rezerv\u0103 o programare acum! Cabinetul nostru stomatologic ofer\u0103 o gam\u0103 cuprinz\u0103toare de servicii de protez\u0103 dentar\u0103, adaptate nevoilor individuale ale pacien\u021bilor no\u0219tri. Coroane Repararea de \u00eenalt\u0103 calitate a din\u021bilor individuali deteriora\u021bi cu coroane fixe personalizate. Punte dentar\u0103 Reconstruc\u021bia fix\u0103 a golurilor mici prin implicarea din\u021bilor vecini. Proteze [&hellip;]<\/p>\n","protected":false},"author":2,"featured_media":0,"parent":0,"menu_order":0,"comment_status":"closed","ping_status":"closed","template":"","meta":{"_acf_changed":false,"inline_featured_image":false,"footnotes":""},"class_list":["post-2460","page","type-page","status-publish","hentry"],"acf":[],"yoast_head":"<!-- This site is optimized with the Yoast SEO plugin v23.0 - https:\/\/yoast.com\/wordpress\/plugins\/seo\/ -->\n<title>Zahn\u00e4rzte Dr. medic. stom. Irina &amp; Felix Talesnik<\/title>\n<meta name=\"robots\" content=\"index, follow, max-snippet:-1, max-image-preview:large, max-video-preview:-1\" \/>\n<link rel=\"canonical\" href=\"https:\/\/www.zahnarztpraxis-talesnik.de\/ro\/proteza-dentara\/\" \/>\n<meta property=\"og:locale\" content=\"ro_RO\" \/>\n<meta property=\"og:type\" content=\"article\" \/>\n<meta property=\"og:title\" content=\"Zahn\u00e4rzte Dr. medic. stom. Irina &amp; Felix Talesnik\" \/>\n<meta property=\"og:description\" content=\"Protez\u0103 dentar\u0103 +49 30 621 40 86 WhatsApp Rezerv\u0103 o programare acum! Cabinetul nostru stomatologic ofer\u0103 o gam\u0103 cuprinz\u0103toare de servicii de protez\u0103 dentar\u0103, adaptate nevoilor individuale ale pacien\u021bilor no\u0219tri. Coroane Repararea de \u00eenalt\u0103 calitate a din\u021bilor individuali deteriora\u021bi cu coroane fixe personalizate. Punte dentar\u0103 Reconstruc\u021bia fix\u0103 a golurilor mici prin implicarea din\u021bilor vecini. Proteze [&hellip;]\" \/>\n<meta property=\"og:url\" content=\"https:\/\/www.zahnarztpraxis-talesnik.de\/ro\/proteza-dentara\/\" \/>\n<meta property=\"og:site_name\" content=\"Zahn\u00e4rzte Dr. medic. stom. Irina &amp; Felix Talesnik\" \/>\n<meta property=\"article:modified_time\" content=\"2024-07-12T10:00:47+00:00\" \/>\n<meta property=\"og:image\" content=\"https:\/\/dental.holypapa.com\/wp-content\/uploads\/2024\/06\/Zahnmedizinische-Prothetik.png\" \/>\n<meta name=\"twitter:card\" content=\"summary_large_image\" \/>\n<meta name=\"twitter:label1\" content=\"Timp estimat pentru citire\" \/>\n\t<meta name=\"twitter:data1\" content=\"1 minut\" \/>\n<script type=\"application\/ld+json\" class=\"yoast-schema-graph\">{\"@context\":\"https:\/\/schema.org\",\"@graph\":[{\"@type\":\"WebPage\",\"@id\":\"https:\/\/www.zahnarztpraxis-talesnik.de\/ro\/proteza-dentara\/\",\"url\":\"https:\/\/www.zahnarztpraxis-talesnik.de\/ro\/proteza-dentara\/\",\"name\":\"Zahn\u00e4rzte Dr. medic. stom. Irina & Felix Talesnik\",\"isPartOf\":{\"@id\":\"https:\/\/www.zahnarztpraxis-talesnik.de\/#website\"},\"primaryImageOfPage\":{\"@id\":\"https:\/\/www.zahnarztpraxis-talesnik.de\/ro\/proteza-dentara\/#primaryimage\"},\"image\":{\"@id\":\"https:\/\/www.zahnarztpraxis-talesnik.de\/ro\/proteza-dentara\/#primaryimage\"},\"thumbnailUrl\":\"https:\/\/dental.holypapa.com\/wp-content\/uploads\/2024\/06\/Zahnmedizinische-Prothetik.png\",\"datePublished\":\"2024-06-17T19:15:05+00:00\",\"dateModified\":\"2024-07-12T10:00:47+00:00\",\"breadcrumb\":{\"@id\":\"https:\/\/www.zahnarztpraxis-talesnik.de\/ro\/proteza-dentara\/#breadcrumb\"},\"inLanguage\":\"ro-RO\",\"potentialAction\":[{\"@type\":\"ReadAction\",\"target\":[\"https:\/\/www.zahnarztpraxis-talesnik.de\/ro\/proteza-dentara\/\"]}]},{\"@type\":\"ImageObject\",\"inLanguage\":\"ro-RO\",\"@id\":\"https:\/\/www.zahnarztpraxis-talesnik.de\/ro\/proteza-dentara\/#primaryimage\",\"url\":\"https:\/\/dental.holypapa.com\/wp-content\/uploads\/2024\/06\/Zahnmedizinische-Prothetik.png\",\"contentUrl\":\"https:\/\/dental.holypapa.com\/wp-content\/uploads\/2024\/06\/Zahnmedizinische-Prothetik.png\"},{\"@type\":\"BreadcrumbList\",\"@id\":\"https:\/\/www.zahnarztpraxis-talesnik.de\/ro\/proteza-dentara\/#breadcrumb\",\"itemListElement\":[{\"@type\":\"ListItem\",\"position\":1,\"name\":\"Home\",\"item\":\"https:\/\/www.zahnarztpraxis-talesnik.de\/ro\/\"},{\"@type\":\"ListItem\",\"position\":2,\"name\":\"Protez\u0103 dentar\u0103\"}]},{\"@type\":\"WebSite\",\"@id\":\"https:\/\/www.zahnarztpraxis-talesnik.de\/#website\",\"url\":\"https:\/\/www.zahnarztpraxis-talesnik.de\/\",\"name\":\"Zahnarztpraxis Dr. medic. stom. Irina & Felix Talesnik\",\"description\":\"\",\"potentialAction\":[{\"@type\":\"SearchAction\",\"target\":{\"@type\":\"EntryPoint\",\"urlTemplate\":\"https:\/\/www.zahnarztpraxis-talesnik.de\/?s={search_term_string}\"},\"query-input\":\"required name=search_term_string\"}],\"inLanguage\":\"ro-RO\"}]}<\/script>\n<!-- \/ Yoast SEO plugin. -->","yoast_head_json":{"title":"Zahn\u00e4rzte Dr. medic. stom. Irina & Felix Talesnik","robots":{"index":"index","follow":"follow","max-snippet":"max-snippet:-1","max-image-preview":"max-image-preview:large","max-video-preview":"max-video-preview:-1"},"canonical":"https:\/\/www.zahnarztpraxis-talesnik.de\/ro\/proteza-dentara\/","og_locale":"ro_RO","og_type":"article","og_title":"Zahn\u00e4rzte Dr. medic. stom. Irina & Felix Talesnik","og_description":"Protez\u0103 dentar\u0103 +49 30 621 40 86 WhatsApp Rezerv\u0103 o programare acum! Cabinetul nostru stomatologic ofer\u0103 o gam\u0103 cuprinz\u0103toare de servicii de protez\u0103 dentar\u0103, adaptate nevoilor individuale ale pacien\u021bilor no\u0219tri. Coroane Repararea de \u00eenalt\u0103 calitate a din\u021bilor individuali deteriora\u021bi cu coroane fixe personalizate. Punte dentar\u0103 Reconstruc\u021bia fix\u0103 a golurilor mici prin implicarea din\u021bilor vecini. Proteze [&hellip;]","og_url":"https:\/\/www.zahnarztpraxis-talesnik.de\/ro\/proteza-dentara\/","og_site_name":"Zahn\u00e4rzte Dr. medic. stom. Irina &amp; Felix Talesnik","article_modified_time":"2024-07-12T10:00:47+00:00","og_image":[{"url":"https:\/\/dental.holypapa.com\/wp-content\/uploads\/2024\/06\/Zahnmedizinische-Prothetik.png"}],"twitter_card":"summary_large_image","twitter_misc":{"Timp estimat pentru citire":"1 minut"},"schema":{"@context":"https:\/\/schema.org","@graph":[{"@type":"WebPage","@id":"https:\/\/www.zahnarztpraxis-talesnik.de\/ro\/proteza-dentara\/","url":"https:\/\/www.zahnarztpraxis-talesnik.de\/ro\/proteza-dentara\/","name":"Zahn\u00e4rzte Dr. medic. stom. Irina & Felix Talesnik","isPartOf":{"@id":"https:\/\/www.zahnarztpraxis-talesnik.de\/#website"},"primaryImageOfPage":{"@id":"https:\/\/www.zahnarztpraxis-talesnik.de\/ro\/proteza-dentara\/#primaryimage"},"image":{"@id":"https:\/\/www.zahnarztpraxis-talesnik.de\/ro\/proteza-dentara\/#primaryimage"},"thumbnailUrl":"https:\/\/dental.holypapa.com\/wp-content\/uploads\/2024\/06\/Zahnmedizinische-Prothetik.png","datePublished":"2024-06-17T19:15:05+00:00","dateModified":"2024-07-12T10:00:47+00:00","breadcrumb":{"@id":"https:\/\/www.zahnarztpraxis-talesnik.de\/ro\/proteza-dentara\/#breadcrumb"},"inLanguage":"ro-RO","potentialAction":[{"@type":"ReadAction","target":["https:\/\/www.zahnarztpraxis-talesnik.de\/ro\/proteza-dentara\/"]}]},{"@type":"ImageObject","inLanguage":"ro-RO","@id":"https:\/\/www.zahnarztpraxis-talesnik.de\/ro\/proteza-dentara\/#primaryimage","url":"https:\/\/dental.holypapa.com\/wp-content\/uploads\/2024\/06\/Zahnmedizinische-Prothetik.png","contentUrl":"https:\/\/dental.holypapa.com\/wp-content\/uploads\/2024\/06\/Zahnmedizinische-Prothetik.png"},{"@type":"BreadcrumbList","@id":"https:\/\/www.zahnarztpraxis-talesnik.de\/ro\/proteza-dentara\/#breadcrumb","itemListElement":[{"@type":"ListItem","position":1,"name":"Home","item":"https:\/\/www.zahnarztpraxis-talesnik.de\/ro\/"},{"@type":"ListItem","position":2,"name":"Protez\u0103 dentar\u0103"}]},{"@type":"WebSite","@id":"https:\/\/www.zahnarztpraxis-talesnik.de\/#website","url":"https:\/\/www.zahnarztpraxis-talesnik.de\/","name":"Zahnarztpraxis Dr. medic. stom. Irina & Felix Talesnik","description":"","potentialAction":[{"@type":"SearchAction","target":{"@type":"EntryPoint","urlTemplate":"https:\/\/www.zahnarztpraxis-talesnik.de\/?s={search_term_string}"},"query-input":"required name=search_term_string"}],"inLanguage":"ro-RO"}]}},"_links":{"self":[{"href":"https:\/\/www.zahnarztpraxis-talesnik.de\/ro\/wp-json\/wp\/v2\/pages\/2460","targetHints":{"allow":["GET"]}}],"collection":[{"href":"https:\/\/www.zahnarztpraxis-talesnik.de\/ro\/wp-json\/wp\/v2\/pages"}],"about":[{"href":"https:\/\/www.zahnarztpraxis-talesnik.de\/ro\/wp-json\/wp\/v2\/types\/page"}],"author":[{"embeddable":true,"href":"https:\/\/www.zahnarztpraxis-talesnik.de\/ro\/wp-json\/wp\/v2\/users\/2"}],"replies":[{"embeddable":true,"href":"https:\/\/www.zahnarztpraxis-talesnik.de\/ro\/wp-json\/wp\/v2\/comments?post=2460"}],"version-history":[{"count":17,"href":"https:\/\/www.zahnarztpraxis-talesnik.de\/ro\/wp-json\/wp\/v2\/pages\/2460\/revisions"}],"predecessor-version":[{"id":3595,"href":"https:\/\/www.zahnarztpraxis-talesnik.de\/ro\/wp-json\/wp\/v2\/pages\/2460\/revisions\/3595"}],"wp:attachment":[{"href":"https:\/\/www.zahnarztpraxis-talesnik.de\/ro\/wp-json\/wp\/v2\/media?parent=2460"}],"curies":[{"name":"wp","href":"https:\/\/api.w.org\/{rel}","templated":true}]}}