{"version":"1.0","provider_name":"Zahn\u00e4rzte Dr. medic. stom. Irina &amp; Felix Talesnik","provider_url":"https:\/\/www.zahnarztpraxis-talesnik.de\/tr\/","author_name":"Daniel Talesnik","author_url":"https:\/\/www.zahnarztpraxis-talesnik.de\/tr\/author\/daniel-talesnik\/","title":"Zahn\u00e4rzte Dr. medic. stom. Irina & Felix Talesnik","type":"rich","width":600,"height":338,"html":"<blockquote class=\"wp-embedded-content\" data-secret=\"r9HHCTG9OY\"><a href=\"https:\/\/www.zahnarztpraxis-talesnik.de\/tr\/estetik-dis-hekimligi\/\">Estetik di\u015f hekimli\u011fi<\/a><\/blockquote><iframe sandbox=\"allow-scripts\" security=\"restricted\" src=\"https:\/\/www.zahnarztpraxis-talesnik.de\/tr\/estetik-dis-hekimligi\/embed\/#?secret=r9HHCTG9OY\" width=\"600\" height=\"338\" title=\"&#8220;Estetik di\u015f hekimli\u011fi&#8221; &#8212; Zahn\u00e4rzte Dr. medic. stom. Irina &amp; Felix Talesnik\" data-secret=\"r9HHCTG9OY\" frameborder=\"0\" marginwidth=\"0\" marginheight=\"0\" scrolling=\"no\" class=\"wp-embedded-content\"><\/iframe><script>\n\/*! This file is auto-generated *\/\n!function(d,l){\"use strict\";l.querySelector&&d.addEventListener&&\"undefined\"!=typeof URL&&(d.wp=d.wp||{},d.wp.receiveEmbedMessage||(d.wp.receiveEmbedMessage=function(e){var t=e.data;if((t||t.secret||t.message||t.value)&&!\/[^a-zA-Z0-9]\/.test(t.secret)){for(var s,r,n,a=l.querySelectorAll('iframe[data-secret=\"'+t.secret+'\"]'),o=l.querySelectorAll('blockquote[data-secret=\"'+t.secret+'\"]'),c=new RegExp(\"^https?:$\",\"i\"),i=0;i<o.length;i++)o[i].style.display=\"none\";for(i=0;i<a.length;i++)s=a[i],e.source===s.contentWindow&&(s.removeAttribute(\"style\"),\"height\"===t.message?(1e3<(r=parseInt(t.value,10))?r=1e3:~~r<200&&(r=200),s.height=r):\"link\"===t.message&&(r=new URL(s.getAttribute(\"src\")),n=new URL(t.value),c.test(n.protocol))&&n.host===r.host&&l.activeElement===s&&(d.top.location.href=t.value))}},d.addEventListener(\"message\",d.wp.receiveEmbedMessage,!1),l.addEventListener(\"DOMContentLoaded\",function(){for(var e,t,s=l.querySelectorAll(\"iframe.wp-embedded-content\"),r=0;r<s.length;r++)(t=(e=s[r]).getAttribute(\"data-secret\"))||(t=Math.random().toString(36).substring(2,12),e.src+=\"#?secret=\"+t,e.setAttribute(\"data-secret\",t)),e.contentWindow.postMessage({message:\"ready\",secret:t},\"*\")},!1)))}(window,document);\n\/\/# sourceURL=https:\/\/www.zahnarztpraxis-talesnik.de\/wp-includes\/js\/wp-embed.min.js\n<\/script>\n","description":"Estetik di\u015f hekimli\u011fi +49 30 621 40 86 WhatsApp \u015eimdi Randevu Al\u0131n! Parlak gu\u0308lu\u0308s\u0327u\u0308nu\u0308z ic\u0327in estetik dis\u0327 hekimlig\u0306i kapsam\u0131ndaki hizmetlerimiz: Daha beyaz dis\u0327ler ic\u0327in beyazlatma Parlak, beyaz bir gu\u0308lu\u0308mseme ic\u0327in dis\u0327lerinizin profesyonel olarak beyazlat\u0131lmas\u0131. Kompozit veneerler ve o\u0308n dis\u0327 rekonstru\u0308ksiyonlar\u0131 Estetik olarak gu\u0308lu\u0308msemenizin iyiles\u0327tirilmesi ic\u0327in dog\u0306rudan kompozit veneerler ve o\u0308n dis\u0327 rekonstru\u0308ksiyonlar\u0131. Laboratuvar yap\u0131m\u0131 veneerler [&hellip;]","thumbnail_url":"https:\/\/dental.holypapa.com\/wp-content\/uploads\/2024\/06\/Asthetische-Zahnmedizin.png"}