{"id":1389,"date":"2024-06-17T21:12:08","date_gmt":"2024-06-17T19:12:08","guid":{"rendered":"https:\/\/dental.holypapa.com\/?page_id=1389"},"modified":"2024-07-12T11:54:27","modified_gmt":"2024-07-12T09:54:27","slug":"estetik-duzeltmeler","status":"publish","type":"page","link":"https:\/\/www.zahnarztpraxis-talesnik.de\/tr\/estetik-duzeltmeler\/","title":{"rendered":"Estetik D\u00fczeltmeler"},"content":{"rendered":"\t\t<div data-elementor-type=\"wp-page\" data-elementor-id=\"1389\" class=\"elementor elementor-1389 elementor-467\">\n\t\t\t\t<div class=\"elementor-element elementor-element-5b788632 e-con-full relative e-flex e-con e-parent\" data-id=\"5b788632\" data-element_type=\"container\" data-settings=\"{&quot;background_background&quot;:&quot;classic&quot;}\">\n\t\t<div class=\"elementor-element elementor-element-4bfd19fc e-flex e-con-boxed e-con e-child\" data-id=\"4bfd19fc\" data-element_type=\"container\" data-settings=\"{&quot;background_background&quot;:&quot;classic&quot;}\">\n\t\t\t\t\t<div class=\"e-con-inner\">\n\t\t<div class=\"elementor-element elementor-element-73befdb8 e-flex e-con-boxed e-con e-child\" data-id=\"73befdb8\" data-element_type=\"container\">\n\t\t\t\t\t<div class=\"e-con-inner\">\n\t\t\t\t<div class=\"elementor-element elementor-element-336ed74f h1-top  color-grey elementor-widget elementor-widget-text-editor\" data-id=\"336ed74f\" data-element_type=\"widget\" data-widget_type=\"text-editor.default\">\n\t\t\t\t<div class=\"elementor-widget-container\">\n\t\t\t<style>\/*! elementor - v3.23.0 - 15-07-2024 *\/\n.elementor-widget-text-editor.elementor-drop-cap-view-stacked .elementor-drop-cap{background-color:#69727d;color:#fff}.elementor-widget-text-editor.elementor-drop-cap-view-framed .elementor-drop-cap{color:#69727d;border:3px solid;background-color:transparent}.elementor-widget-text-editor:not(.elementor-drop-cap-view-default) .elementor-drop-cap{margin-top:8px}.elementor-widget-text-editor:not(.elementor-drop-cap-view-default) .elementor-drop-cap-letter{width:1em;height:1em}.elementor-widget-text-editor .elementor-drop-cap{float:left;text-align:center;line-height:1;font-size:50px}.elementor-widget-text-editor .elementor-drop-cap-letter{display:inline-block}<\/style>\t\t\t\t<h1>Estetik Du\u0308zeltmeler<\/h1>\t\t\t\t\t\t<\/div>\n\t\t\t\t<\/div>\n\t\t\t\t<div class=\"elementor-element elementor-element-154d876e elementor-widget elementor-widget-html\" data-id=\"154d876e\" data-element_type=\"widget\" data-widget_type=\"html.default\">\n\t\t\t\t<div class=\"elementor-widget-container\">\n\t\t\t<div class=\"buttons__block\">\n\t<a href=\"tel:+49306214086\" class=\"button button--white-2\" target=\"_blank\">+49 30 621 40 86<\/a>\n\t<a href=\"https:\/\/wa.me\/4915115945994\" class=\"button button--white-2\" target=\"_blank\">WhatsApp<\/a>\n\t<a href=\"https:\/\/www.doctolib.de\/praxis\/berlin\/zahnarztpraxis-felix-und-dr-irina-talesnik\/\" class=\"button button--white-2\" target=\"_blank\">\u015eimdi Randevu Al\u0131n!<\/a>\n<\/div>\t\t<\/div>\n\t\t\t\t<\/div>\n\t\t\t\t\t<\/div>\n\t\t\t\t<\/div>\n\t\t<div class=\"elementor-element elementor-element-a8abbb2 e-flex e-con-boxed e-con e-child\" data-id=\"a8abbb2\" data-element_type=\"container\">\n\t\t\t\t\t<div class=\"e-con-inner\">\n\t\t\t\t<div class=\"elementor-element elementor-element-3fe10a80 elementor-widget elementor-widget-image\" data-id=\"3fe10a80\" data-element_type=\"widget\" data-widget_type=\"image.default\">\n\t\t\t\t<div class=\"elementor-widget-container\">\n\t\t\t<style>\/*! elementor - v3.23.0 - 15-07-2024 *\/\n.elementor-widget-image{text-align:center}.elementor-widget-image a{display:inline-block}.elementor-widget-image a img[src$=\".svg\"]{width:48px}.elementor-widget-image img{vertical-align:middle;display:inline-block}<\/style>\t\t\t\t\t\t\t\t\t\t<img fetchpriority=\"high\" decoding=\"async\" width=\"640\" height=\"556\" src=\"https:\/\/www.zahnarztpraxis-talesnik.de\/wp-content\/uploads\/2024\/06\/Asthetische-Korrekturen-1.png\" class=\"attachment-large size-large wp-image-586\" alt=\"\" srcset=\"https:\/\/www.zahnarztpraxis-talesnik.de\/wp-content\/uploads\/2024\/06\/Asthetische-Korrekturen-1.png 1000w, https:\/\/www.zahnarztpraxis-talesnik.de\/wp-content\/uploads\/2024\/06\/Asthetische-Korrekturen-1-300x261.png 300w, https:\/\/www.zahnarztpraxis-talesnik.de\/wp-content\/uploads\/2024\/06\/Asthetische-Korrekturen-1-768x667.png 768w\" sizes=\"(max-width: 640px) 100vw, 640px\" \/>\t\t\t\t\t\t\t\t\t\t\t\t\t<\/div>\n\t\t\t\t<\/div>\n\t\t\t\t\t<\/div>\n\t\t\t\t<\/div>\n\t\t\t\t\t<\/div>\n\t\t\t\t<\/div>\n\t\t\t\t<div class=\"elementor-element elementor-element-f65dae3 absolute poa2 elementor-widget elementor-widget-html\" data-id=\"f65dae3\" data-element_type=\"widget\" data-widget_type=\"html.default\">\n\t\t\t\t<div class=\"elementor-widget-container\">\n\t\t\t<div class=\"triangle-bottomright\"><\/div>\t\t<\/div>\n\t\t\t\t<\/div>\n\t\t\t\t<\/div>\n\t\t<div class=\"elementor-element elementor-element-a68dbf5 e-flex e-con-boxed e-con e-parent\" data-id=\"a68dbf5\" data-element_type=\"container\">\n\t\t\t\t\t<div class=\"e-con-inner\">\n\t\t\t\t<div class=\"elementor-element elementor-element-a26bcf6 elementor-widget elementor-widget-text-editor\" data-id=\"a26bcf6\" data-element_type=\"widget\" data-widget_type=\"text-editor.default\">\n\t\t\t\t<div class=\"elementor-widget-container\">\n\t\t\t\t\t\t\t<div class=\"page\" title=\"Page 1\"><div class=\"section\"><div class=\"layoutArea\"><div class=\"column\"><div class=\"page\" title=\"Page 3\"><div class=\"section\"><div class=\"layoutArea\"><div class=\"column\"><p>Dis\u0327 hekimlig\u0306i pratig\u0306imizde yu\u0308z ic\u0327in de estetik du\u0308zeltmeler sunuyoruz. Buna dudaklar\u0131 dolgunlas\u0327t\u0131rmak ic\u0327in hyaluronik asit gibi dolgu maddeleriyle dudak enjeksiyonlar\u0131 dahildir. Bu, estetik dis\u0327 hekimlig\u0306i ile birlikte uyumlu bir gu\u0308lu\u0308mseme ic\u0327in o\u0308zellikle faydal\u0131 bir ek olabilir.<\/p><p>Ek olarak, hyaluronik asit ile estetik du\u0308zeltmeler ag\u0306\u0131z ic\u0327inde de yap\u0131labilir, o\u0308rneg\u0306in, go\u0308ru\u0308nu\u0308r bo\u0308lgede dis\u0327 eti c\u0327ekilmesini gizlemek ic\u0327in.<\/p><p>Estetik du\u0308zeltmelerimiz size tu\u0308m gu\u0308lu\u0308msemenizi gu\u0308zelles\u0327tirme f\u0131rsat\u0131 sunar. Bize ulas\u0327\u0131n, bireysel ve ayr\u0131nt\u0131l\u0131 dan\u0131s\u0327manl\u0131klar sunmaktan memnuniyet duyar\u0131z.<\/p><\/div><\/div><\/div><\/div><\/div><\/div><\/div><\/div>\t\t\t\t\t\t<\/div>\n\t\t\t\t<\/div>\n\t\t\t\t\t<\/div>\n\t\t\t\t<\/div>\n\t\t\t\t<\/div>\n\t\t","protected":false},"excerpt":{"rendered":"<p>Estetik Du\u0308zeltmeler +49 30 621 40 86 WhatsApp \u015eimdi Randevu Al\u0131n! Dis\u0327 hekimlig\u0306i pratig\u0306imizde yu\u0308z ic\u0327in de estetik du\u0308zeltmeler sunuyoruz. Buna dudaklar\u0131 dolgunlas\u0327t\u0131rmak ic\u0327in hyaluronik asit gibi dolgu maddeleriyle dudak enjeksiyonlar\u0131 dahildir. Bu, estetik dis\u0327 hekimlig\u0306i ile birlikte uyumlu bir gu\u0308lu\u0308mseme ic\u0327in o\u0308zellikle faydal\u0131 bir ek olabilir. Ek olarak, hyaluronik asit ile estetik du\u0308zeltmeler ag\u0306\u0131z [&hellip;]<\/p>\n","protected":false},"author":2,"featured_media":0,"parent":0,"menu_order":0,"comment_status":"closed","ping_status":"closed","template":"","meta":{"_acf_changed":false,"inline_featured_image":false,"footnotes":""},"class_list":["post-1389","page","type-page","status-publish","hentry"],"acf":[],"yoast_head":"<!-- This site is optimized with the Yoast SEO plugin v23.0 - https:\/\/yoast.com\/wordpress\/plugins\/seo\/ -->\n<title>Zahn\u00e4rzte Dr. medic. stom. Irina &amp; Felix Talesnik<\/title>\n<meta name=\"robots\" content=\"index, follow, max-snippet:-1, max-image-preview:large, max-video-preview:-1\" \/>\n<link rel=\"canonical\" href=\"https:\/\/www.zahnarztpraxis-talesnik.de\/tr\/estetik-duzeltmeler\/\" \/>\n<meta property=\"og:locale\" content=\"tr_TR\" \/>\n<meta property=\"og:type\" content=\"article\" \/>\n<meta property=\"og:title\" content=\"Zahn\u00e4rzte Dr. medic. stom. Irina &amp; Felix Talesnik\" \/>\n<meta property=\"og:description\" content=\"Estetik Du\u0308zeltmeler +49 30 621 40 86 WhatsApp \u015eimdi Randevu Al\u0131n! Dis\u0327 hekimlig\u0306i pratig\u0306imizde yu\u0308z ic\u0327in de estetik du\u0308zeltmeler sunuyoruz. Buna dudaklar\u0131 dolgunlas\u0327t\u0131rmak ic\u0327in hyaluronik asit gibi dolgu maddeleriyle dudak enjeksiyonlar\u0131 dahildir. Bu, estetik dis\u0327 hekimlig\u0306i ile birlikte uyumlu bir gu\u0308lu\u0308mseme ic\u0327in o\u0308zellikle faydal\u0131 bir ek olabilir. Ek olarak, hyaluronik asit ile estetik du\u0308zeltmeler ag\u0306\u0131z [&hellip;]\" \/>\n<meta property=\"og:url\" content=\"https:\/\/www.zahnarztpraxis-talesnik.de\/tr\/estetik-duzeltmeler\/\" \/>\n<meta property=\"og:site_name\" content=\"Zahn\u00e4rzte Dr. medic. stom. Irina &amp; Felix Talesnik\" \/>\n<meta property=\"article:modified_time\" content=\"2024-07-12T09:54:27+00:00\" \/>\n<meta property=\"og:image\" content=\"https:\/\/dental.holypapa.com\/wp-content\/uploads\/2024\/06\/Asthetische-Korrekturen-1.png\" \/>\n<meta name=\"twitter:card\" content=\"summary_large_image\" \/>\n<meta name=\"twitter:label1\" content=\"Tahmini okuma s\u00fcresi\" \/>\n\t<meta name=\"twitter:data1\" content=\"1 dakika\" \/>\n<script type=\"application\/ld+json\" class=\"yoast-schema-graph\">{\"@context\":\"https:\/\/schema.org\",\"@graph\":[{\"@type\":\"WebPage\",\"@id\":\"https:\/\/www.zahnarztpraxis-talesnik.de\/tr\/estetik-duzeltmeler\/\",\"url\":\"https:\/\/www.zahnarztpraxis-talesnik.de\/tr\/estetik-duzeltmeler\/\",\"name\":\"Zahn\u00e4rzte Dr. medic. stom. Irina & Felix Talesnik\",\"isPartOf\":{\"@id\":\"https:\/\/www.zahnarztpraxis-talesnik.de\/#website\"},\"primaryImageOfPage\":{\"@id\":\"https:\/\/www.zahnarztpraxis-talesnik.de\/tr\/estetik-duzeltmeler\/#primaryimage\"},\"image\":{\"@id\":\"https:\/\/www.zahnarztpraxis-talesnik.de\/tr\/estetik-duzeltmeler\/#primaryimage\"},\"thumbnailUrl\":\"https:\/\/dental.holypapa.com\/wp-content\/uploads\/2024\/06\/Asthetische-Korrekturen-1.png\",\"datePublished\":\"2024-06-17T19:12:08+00:00\",\"dateModified\":\"2024-07-12T09:54:27+00:00\",\"breadcrumb\":{\"@id\":\"https:\/\/www.zahnarztpraxis-talesnik.de\/tr\/estetik-duzeltmeler\/#breadcrumb\"},\"inLanguage\":\"tr\",\"potentialAction\":[{\"@type\":\"ReadAction\",\"target\":[\"https:\/\/www.zahnarztpraxis-talesnik.de\/tr\/estetik-duzeltmeler\/\"]}]},{\"@type\":\"ImageObject\",\"inLanguage\":\"tr\",\"@id\":\"https:\/\/www.zahnarztpraxis-talesnik.de\/tr\/estetik-duzeltmeler\/#primaryimage\",\"url\":\"https:\/\/dental.holypapa.com\/wp-content\/uploads\/2024\/06\/Asthetische-Korrekturen-1.png\",\"contentUrl\":\"https:\/\/dental.holypapa.com\/wp-content\/uploads\/2024\/06\/Asthetische-Korrekturen-1.png\"},{\"@type\":\"BreadcrumbList\",\"@id\":\"https:\/\/www.zahnarztpraxis-talesnik.de\/tr\/estetik-duzeltmeler\/#breadcrumb\",\"itemListElement\":[{\"@type\":\"ListItem\",\"position\":1,\"name\":\"Home\",\"item\":\"https:\/\/www.zahnarztpraxis-talesnik.de\/tr\/\"},{\"@type\":\"ListItem\",\"position\":2,\"name\":\"Estetik D\u00fczeltmeler\"}]},{\"@type\":\"WebSite\",\"@id\":\"https:\/\/www.zahnarztpraxis-talesnik.de\/#website\",\"url\":\"https:\/\/www.zahnarztpraxis-talesnik.de\/\",\"name\":\"Zahnarztpraxis Dr. medic. stom. Irina & Felix Talesnik\",\"description\":\"\",\"potentialAction\":[{\"@type\":\"SearchAction\",\"target\":{\"@type\":\"EntryPoint\",\"urlTemplate\":\"https:\/\/www.zahnarztpraxis-talesnik.de\/?s={search_term_string}\"},\"query-input\":\"required name=search_term_string\"}],\"inLanguage\":\"tr\"}]}<\/script>\n<!-- \/ Yoast SEO plugin. -->","yoast_head_json":{"title":"Zahn\u00e4rzte Dr. medic. stom. Irina & Felix Talesnik","robots":{"index":"index","follow":"follow","max-snippet":"max-snippet:-1","max-image-preview":"max-image-preview:large","max-video-preview":"max-video-preview:-1"},"canonical":"https:\/\/www.zahnarztpraxis-talesnik.de\/tr\/estetik-duzeltmeler\/","og_locale":"tr_TR","og_type":"article","og_title":"Zahn\u00e4rzte Dr. medic. stom. Irina & Felix Talesnik","og_description":"Estetik Du\u0308zeltmeler +49 30 621 40 86 WhatsApp \u015eimdi Randevu Al\u0131n! Dis\u0327 hekimlig\u0306i pratig\u0306imizde yu\u0308z ic\u0327in de estetik du\u0308zeltmeler sunuyoruz. Buna dudaklar\u0131 dolgunlas\u0327t\u0131rmak ic\u0327in hyaluronik asit gibi dolgu maddeleriyle dudak enjeksiyonlar\u0131 dahildir. Bu, estetik dis\u0327 hekimlig\u0306i ile birlikte uyumlu bir gu\u0308lu\u0308mseme ic\u0327in o\u0308zellikle faydal\u0131 bir ek olabilir. Ek olarak, hyaluronik asit ile estetik du\u0308zeltmeler ag\u0306\u0131z [&hellip;]","og_url":"https:\/\/www.zahnarztpraxis-talesnik.de\/tr\/estetik-duzeltmeler\/","og_site_name":"Zahn\u00e4rzte Dr. medic. stom. Irina &amp; Felix Talesnik","article_modified_time":"2024-07-12T09:54:27+00:00","og_image":[{"url":"https:\/\/dental.holypapa.com\/wp-content\/uploads\/2024\/06\/Asthetische-Korrekturen-1.png"}],"twitter_card":"summary_large_image","twitter_misc":{"Tahmini okuma s\u00fcresi":"1 dakika"},"schema":{"@context":"https:\/\/schema.org","@graph":[{"@type":"WebPage","@id":"https:\/\/www.zahnarztpraxis-talesnik.de\/tr\/estetik-duzeltmeler\/","url":"https:\/\/www.zahnarztpraxis-talesnik.de\/tr\/estetik-duzeltmeler\/","name":"Zahn\u00e4rzte Dr. medic. stom. Irina & Felix Talesnik","isPartOf":{"@id":"https:\/\/www.zahnarztpraxis-talesnik.de\/#website"},"primaryImageOfPage":{"@id":"https:\/\/www.zahnarztpraxis-talesnik.de\/tr\/estetik-duzeltmeler\/#primaryimage"},"image":{"@id":"https:\/\/www.zahnarztpraxis-talesnik.de\/tr\/estetik-duzeltmeler\/#primaryimage"},"thumbnailUrl":"https:\/\/dental.holypapa.com\/wp-content\/uploads\/2024\/06\/Asthetische-Korrekturen-1.png","datePublished":"2024-06-17T19:12:08+00:00","dateModified":"2024-07-12T09:54:27+00:00","breadcrumb":{"@id":"https:\/\/www.zahnarztpraxis-talesnik.de\/tr\/estetik-duzeltmeler\/#breadcrumb"},"inLanguage":"tr","potentialAction":[{"@type":"ReadAction","target":["https:\/\/www.zahnarztpraxis-talesnik.de\/tr\/estetik-duzeltmeler\/"]}]},{"@type":"ImageObject","inLanguage":"tr","@id":"https:\/\/www.zahnarztpraxis-talesnik.de\/tr\/estetik-duzeltmeler\/#primaryimage","url":"https:\/\/dental.holypapa.com\/wp-content\/uploads\/2024\/06\/Asthetische-Korrekturen-1.png","contentUrl":"https:\/\/dental.holypapa.com\/wp-content\/uploads\/2024\/06\/Asthetische-Korrekturen-1.png"},{"@type":"BreadcrumbList","@id":"https:\/\/www.zahnarztpraxis-talesnik.de\/tr\/estetik-duzeltmeler\/#breadcrumb","itemListElement":[{"@type":"ListItem","position":1,"name":"Home","item":"https:\/\/www.zahnarztpraxis-talesnik.de\/tr\/"},{"@type":"ListItem","position":2,"name":"Estetik D\u00fczeltmeler"}]},{"@type":"WebSite","@id":"https:\/\/www.zahnarztpraxis-talesnik.de\/#website","url":"https:\/\/www.zahnarztpraxis-talesnik.de\/","name":"Zahnarztpraxis Dr. medic. stom. Irina & Felix Talesnik","description":"","potentialAction":[{"@type":"SearchAction","target":{"@type":"EntryPoint","urlTemplate":"https:\/\/www.zahnarztpraxis-talesnik.de\/?s={search_term_string}"},"query-input":"required name=search_term_string"}],"inLanguage":"tr"}]}},"_links":{"self":[{"href":"https:\/\/www.zahnarztpraxis-talesnik.de\/tr\/wp-json\/wp\/v2\/pages\/1389","targetHints":{"allow":["GET"]}}],"collection":[{"href":"https:\/\/www.zahnarztpraxis-talesnik.de\/tr\/wp-json\/wp\/v2\/pages"}],"about":[{"href":"https:\/\/www.zahnarztpraxis-talesnik.de\/tr\/wp-json\/wp\/v2\/types\/page"}],"author":[{"embeddable":true,"href":"https:\/\/www.zahnarztpraxis-talesnik.de\/tr\/wp-json\/wp\/v2\/users\/2"}],"replies":[{"embeddable":true,"href":"https:\/\/www.zahnarztpraxis-talesnik.de\/tr\/wp-json\/wp\/v2\/comments?post=1389"}],"version-history":[{"count":17,"href":"https:\/\/www.zahnarztpraxis-talesnik.de\/tr\/wp-json\/wp\/v2\/pages\/1389\/revisions"}],"predecessor-version":[{"id":3640,"href":"https:\/\/www.zahnarztpraxis-talesnik.de\/tr\/wp-json\/wp\/v2\/pages\/1389\/revisions\/3640"}],"wp:attachment":[{"href":"https:\/\/www.zahnarztpraxis-talesnik.de\/tr\/wp-json\/wp\/v2\/media?parent=1389"}],"curies":[{"name":"wp","href":"https:\/\/api.w.org\/{rel}","templated":true}]}}