{"id":1460,"date":"2024-06-17T21:12:23","date_gmt":"2024-06-17T19:12:23","guid":{"rendered":"https:\/\/dental.holypapa.com\/?page_id=1460"},"modified":"2024-07-12T11:54:23","modified_gmt":"2024-07-12T09:54:23","slug":"estetik-dis-hekimligi","status":"publish","type":"page","link":"https:\/\/www.zahnarztpraxis-talesnik.de\/tr\/estetik-dis-hekimligi\/","title":{"rendered":"Estetik di\u015f hekimli\u011fi"},"content":{"rendered":"\t\t<div data-elementor-type=\"wp-page\" data-elementor-id=\"1460\" class=\"elementor elementor-1460 elementor-469\">\n\t\t\t\t<div class=\"elementor-element elementor-element-7bb08381 e-con-full relative e-flex e-con e-parent\" data-id=\"7bb08381\" data-element_type=\"container\" data-settings=\"{&quot;background_background&quot;:&quot;classic&quot;}\">\n\t\t<div class=\"elementor-element elementor-element-126ac265 e-flex e-con-boxed e-con e-child\" data-id=\"126ac265\" data-element_type=\"container\" data-settings=\"{&quot;background_background&quot;:&quot;classic&quot;}\">\n\t\t\t\t\t<div class=\"e-con-inner\">\n\t\t<div class=\"elementor-element elementor-element-27ee637e e-flex e-con-boxed e-con e-child\" data-id=\"27ee637e\" data-element_type=\"container\">\n\t\t\t\t\t<div class=\"e-con-inner\">\n\t\t\t\t<div class=\"elementor-element elementor-element-4b706cdb h1-top color-grey elementor-widget elementor-widget-text-editor\" data-id=\"4b706cdb\" data-element_type=\"widget\" data-widget_type=\"text-editor.default\">\n\t\t\t\t<div class=\"elementor-widget-container\">\n\t\t\t<style>\/*! elementor - v3.23.0 - 15-07-2024 *\/\n.elementor-widget-text-editor.elementor-drop-cap-view-stacked .elementor-drop-cap{background-color:#69727d;color:#fff}.elementor-widget-text-editor.elementor-drop-cap-view-framed .elementor-drop-cap{color:#69727d;border:3px solid;background-color:transparent}.elementor-widget-text-editor:not(.elementor-drop-cap-view-default) .elementor-drop-cap{margin-top:8px}.elementor-widget-text-editor:not(.elementor-drop-cap-view-default) .elementor-drop-cap-letter{width:1em;height:1em}.elementor-widget-text-editor .elementor-drop-cap{float:left;text-align:center;line-height:1;font-size:50px}.elementor-widget-text-editor .elementor-drop-cap-letter{display:inline-block}<\/style>\t\t\t\t<h1>Estetik di\u015f hekimli\u011fi<\/h1>\t\t\t\t\t\t<\/div>\n\t\t\t\t<\/div>\n\t\t\t\t<div class=\"elementor-element elementor-element-1e2d3a62 elementor-widget elementor-widget-html\" data-id=\"1e2d3a62\" data-element_type=\"widget\" data-widget_type=\"html.default\">\n\t\t\t\t<div class=\"elementor-widget-container\">\n\t\t\t<div class=\"buttons__block\">\n\t<a href=\"tel:+49306214086\" class=\"button button--white-2\" target=\"_blank\">+49 30 621 40 86<\/a>\n\t<a href=\"https:\/\/wa.me\/4915115945994\" class=\"button button--white-2\" target=\"_blank\">WhatsApp<\/a>\n\t<a href=\"https:\/\/www.doctolib.de\/praxis\/berlin\/zahnarztpraxis-felix-und-dr-irina-talesnik\/\" class=\"button button--white-2\" target=\"_blank\">\u015eimdi Randevu Al\u0131n!<\/a>\n<\/div>\t\t<\/div>\n\t\t\t\t<\/div>\n\t\t\t\t\t<\/div>\n\t\t\t\t<\/div>\n\t\t<div class=\"elementor-element elementor-element-218162f0 e-flex e-con-boxed e-con e-child\" data-id=\"218162f0\" data-element_type=\"container\">\n\t\t\t\t\t<div class=\"e-con-inner\">\n\t\t\t\t<div class=\"elementor-element elementor-element-4a03ea70 elementor-widget elementor-widget-image\" data-id=\"4a03ea70\" data-element_type=\"widget\" data-widget_type=\"image.default\">\n\t\t\t\t<div class=\"elementor-widget-container\">\n\t\t\t<style>\/*! elementor - v3.23.0 - 15-07-2024 *\/\n.elementor-widget-image{text-align:center}.elementor-widget-image a{display:inline-block}.elementor-widget-image a img[src$=\".svg\"]{width:48px}.elementor-widget-image img{vertical-align:middle;display:inline-block}<\/style>\t\t\t\t\t\t\t\t\t\t<img fetchpriority=\"high\" decoding=\"async\" width=\"640\" height=\"256\" src=\"https:\/\/www.zahnarztpraxis-talesnik.de\/wp-content\/uploads\/2024\/06\/Asthetische-Zahnmedizin.png\" class=\"attachment-large size-large wp-image-596\" alt=\"\" srcset=\"https:\/\/www.zahnarztpraxis-talesnik.de\/wp-content\/uploads\/2024\/06\/Asthetische-Zahnmedizin.png 1000w, https:\/\/www.zahnarztpraxis-talesnik.de\/wp-content\/uploads\/2024\/06\/Asthetische-Zahnmedizin-300x120.png 300w, https:\/\/www.zahnarztpraxis-talesnik.de\/wp-content\/uploads\/2024\/06\/Asthetische-Zahnmedizin-768x307.png 768w\" sizes=\"(max-width: 640px) 100vw, 640px\" \/>\t\t\t\t\t\t\t\t\t\t\t\t\t<\/div>\n\t\t\t\t<\/div>\n\t\t\t\t\t<\/div>\n\t\t\t\t<\/div>\n\t\t\t\t\t<\/div>\n\t\t\t\t<\/div>\n\t\t\t\t<div class=\"elementor-element elementor-element-829608f absolute poa2 elementor-hidden-mobile elementor-widget elementor-widget-html\" data-id=\"829608f\" data-element_type=\"widget\" data-widget_type=\"html.default\">\n\t\t\t\t<div class=\"elementor-widget-container\">\n\t\t\t<div class=\"triangle-bottomright\"><\/div>\t\t<\/div>\n\t\t\t\t<\/div>\n\t\t\t\t<\/div>\n\t\t<div class=\"elementor-element elementor-element-bce7141 e-flex e-con-boxed e-con e-parent\" data-id=\"bce7141\" data-element_type=\"container\">\n\t\t\t\t\t<div class=\"e-con-inner\">\n\t\t\t\t<div class=\"elementor-element elementor-element-afed339 elementor-widget elementor-widget-text-editor\" data-id=\"afed339\" data-element_type=\"widget\" data-widget_type=\"text-editor.default\">\n\t\t\t\t<div class=\"elementor-widget-container\">\n\t\t\t\t\t\t\t<div class=\"page\" title=\"Page 1\"><div class=\"section\"><div class=\"layoutArea\"><div class=\"column\"><div class=\"page\" title=\"Page 5\"><div class=\"section\"><div class=\"layoutArea\"><div class=\"column\"><p>Parlak gu\u0308lu\u0308s\u0327u\u0308nu\u0308z ic\u0327in estetik dis\u0327 hekimlig\u0306i kapsam\u0131ndaki hizmetlerimiz:<\/p><h2>Daha beyaz dis\u0327ler ic\u0327in beyazlatma<\/h2><p>Parlak, beyaz bir gu\u0308lu\u0308mseme ic\u0327in dis\u0327lerinizin profesyonel olarak beyazlat\u0131lmas\u0131.<\/p><h2>Kompozit veneerler ve o\u0308n dis\u0327 rekonstru\u0308ksiyonlar\u0131<\/h2><p>Estetik olarak gu\u0308lu\u0308msemenizin iyiles\u0327tirilmesi ic\u0327in dog\u0306rudan kompozit veneerler ve o\u0308n dis\u0327 rekonstru\u0308ksiyonlar\u0131.<\/p><h2>Laboratuvar yap\u0131m\u0131 veneerler ve yu\u0308ksek kaliteli seramik kronlar<\/h2><p>O\u0308n dis\u0327 bo\u0308lgesinde laboratuvar yap\u0131m\u0131 veneerler ve yu\u0308ksek kaliteli kronlar ile uzun su\u0308reli gu\u0308zellik.<\/p><h2>Dis\u0327 tak\u0131mlar\u0131<\/h2><p>Gu\u0308lu\u0308s\u0327u\u0308nu\u0308ze kis\u0327isel bir dokunus\u0327 ekleyin, dis\u0327 tak\u0131m\u0131m\u0131z ile.<\/p><h2>Aligner terapisi<\/h2><p>Mu\u0308kemmel bir gu\u0308lu\u0308mseme ic\u0327in ince pozisyon du\u0308zeltmeleri ic\u0327in aligner terapimiz ile.<\/p><p>Estetik tedavi yo\u0308ntemlerimiz hakk\u0131nda daha fazla bilgi edinin ve kis\u0327isel dan\u0131s\u0327ma ic\u0327in randevu al\u0131n.<\/p><\/div><\/div><\/div><\/div><\/div><\/div><\/div><\/div>\t\t\t\t\t\t<\/div>\n\t\t\t\t<\/div>\n\t\t\t\t\t<\/div>\n\t\t\t\t<\/div>\n\t\t\t\t<\/div>\n\t\t","protected":false},"excerpt":{"rendered":"<p>Estetik di\u015f hekimli\u011fi +49 30 621 40 86 WhatsApp \u015eimdi Randevu Al\u0131n! Parlak gu\u0308lu\u0308s\u0327u\u0308nu\u0308z ic\u0327in estetik dis\u0327 hekimlig\u0306i kapsam\u0131ndaki hizmetlerimiz: Daha beyaz dis\u0327ler ic\u0327in beyazlatma Parlak, beyaz bir gu\u0308lu\u0308mseme ic\u0327in dis\u0327lerinizin profesyonel olarak beyazlat\u0131lmas\u0131. Kompozit veneerler ve o\u0308n dis\u0327 rekonstru\u0308ksiyonlar\u0131 Estetik olarak gu\u0308lu\u0308msemenizin iyiles\u0327tirilmesi ic\u0327in dog\u0306rudan kompozit veneerler ve o\u0308n dis\u0327 rekonstru\u0308ksiyonlar\u0131. Laboratuvar yap\u0131m\u0131 veneerler [&hellip;]<\/p>\n","protected":false},"author":2,"featured_media":0,"parent":0,"menu_order":0,"comment_status":"closed","ping_status":"closed","template":"","meta":{"_acf_changed":false,"inline_featured_image":false,"footnotes":""},"class_list":["post-1460","page","type-page","status-publish","hentry"],"acf":[],"yoast_head":"<!-- This site is optimized with the Yoast SEO plugin v23.0 - https:\/\/yoast.com\/wordpress\/plugins\/seo\/ -->\n<title>Zahn\u00e4rzte Dr. medic. stom. Irina &amp; Felix Talesnik<\/title>\n<meta name=\"robots\" content=\"index, follow, max-snippet:-1, max-image-preview:large, max-video-preview:-1\" \/>\n<link rel=\"canonical\" href=\"https:\/\/www.zahnarztpraxis-talesnik.de\/tr\/estetik-dis-hekimligi\/\" \/>\n<meta property=\"og:locale\" content=\"tr_TR\" \/>\n<meta property=\"og:type\" content=\"article\" \/>\n<meta property=\"og:title\" content=\"Zahn\u00e4rzte Dr. medic. stom. Irina &amp; Felix Talesnik\" \/>\n<meta property=\"og:description\" content=\"Estetik di\u015f hekimli\u011fi +49 30 621 40 86 WhatsApp \u015eimdi Randevu Al\u0131n! Parlak gu\u0308lu\u0308s\u0327u\u0308nu\u0308z ic\u0327in estetik dis\u0327 hekimlig\u0306i kapsam\u0131ndaki hizmetlerimiz: Daha beyaz dis\u0327ler ic\u0327in beyazlatma Parlak, beyaz bir gu\u0308lu\u0308mseme ic\u0327in dis\u0327lerinizin profesyonel olarak beyazlat\u0131lmas\u0131. Kompozit veneerler ve o\u0308n dis\u0327 rekonstru\u0308ksiyonlar\u0131 Estetik olarak gu\u0308lu\u0308msemenizin iyiles\u0327tirilmesi ic\u0327in dog\u0306rudan kompozit veneerler ve o\u0308n dis\u0327 rekonstru\u0308ksiyonlar\u0131. Laboratuvar yap\u0131m\u0131 veneerler [&hellip;]\" \/>\n<meta property=\"og:url\" content=\"https:\/\/www.zahnarztpraxis-talesnik.de\/tr\/estetik-dis-hekimligi\/\" \/>\n<meta property=\"og:site_name\" content=\"Zahn\u00e4rzte Dr. medic. stom. Irina &amp; Felix Talesnik\" \/>\n<meta property=\"article:modified_time\" content=\"2024-07-12T09:54:23+00:00\" \/>\n<meta property=\"og:image\" content=\"https:\/\/dental.holypapa.com\/wp-content\/uploads\/2024\/06\/Asthetische-Zahnmedizin.png\" \/>\n<meta name=\"twitter:card\" content=\"summary_large_image\" \/>\n<meta name=\"twitter:label1\" content=\"Tahmini okuma s\u00fcresi\" \/>\n\t<meta name=\"twitter:data1\" content=\"1 dakika\" \/>\n<script type=\"application\/ld+json\" class=\"yoast-schema-graph\">{\"@context\":\"https:\/\/schema.org\",\"@graph\":[{\"@type\":\"WebPage\",\"@id\":\"https:\/\/www.zahnarztpraxis-talesnik.de\/tr\/estetik-dis-hekimligi\/\",\"url\":\"https:\/\/www.zahnarztpraxis-talesnik.de\/tr\/estetik-dis-hekimligi\/\",\"name\":\"Zahn\u00e4rzte Dr. medic. stom. Irina & Felix Talesnik\",\"isPartOf\":{\"@id\":\"https:\/\/www.zahnarztpraxis-talesnik.de\/#website\"},\"primaryImageOfPage\":{\"@id\":\"https:\/\/www.zahnarztpraxis-talesnik.de\/tr\/estetik-dis-hekimligi\/#primaryimage\"},\"image\":{\"@id\":\"https:\/\/www.zahnarztpraxis-talesnik.de\/tr\/estetik-dis-hekimligi\/#primaryimage\"},\"thumbnailUrl\":\"https:\/\/dental.holypapa.com\/wp-content\/uploads\/2024\/06\/Asthetische-Zahnmedizin.png\",\"datePublished\":\"2024-06-17T19:12:23+00:00\",\"dateModified\":\"2024-07-12T09:54:23+00:00\",\"breadcrumb\":{\"@id\":\"https:\/\/www.zahnarztpraxis-talesnik.de\/tr\/estetik-dis-hekimligi\/#breadcrumb\"},\"inLanguage\":\"tr\",\"potentialAction\":[{\"@type\":\"ReadAction\",\"target\":[\"https:\/\/www.zahnarztpraxis-talesnik.de\/tr\/estetik-dis-hekimligi\/\"]}]},{\"@type\":\"ImageObject\",\"inLanguage\":\"tr\",\"@id\":\"https:\/\/www.zahnarztpraxis-talesnik.de\/tr\/estetik-dis-hekimligi\/#primaryimage\",\"url\":\"https:\/\/dental.holypapa.com\/wp-content\/uploads\/2024\/06\/Asthetische-Zahnmedizin.png\",\"contentUrl\":\"https:\/\/dental.holypapa.com\/wp-content\/uploads\/2024\/06\/Asthetische-Zahnmedizin.png\"},{\"@type\":\"BreadcrumbList\",\"@id\":\"https:\/\/www.zahnarztpraxis-talesnik.de\/tr\/estetik-dis-hekimligi\/#breadcrumb\",\"itemListElement\":[{\"@type\":\"ListItem\",\"position\":1,\"name\":\"Home\",\"item\":\"https:\/\/www.zahnarztpraxis-talesnik.de\/tr\/\"},{\"@type\":\"ListItem\",\"position\":2,\"name\":\"Estetik di\u015f hekimli\u011fi\"}]},{\"@type\":\"WebSite\",\"@id\":\"https:\/\/www.zahnarztpraxis-talesnik.de\/#website\",\"url\":\"https:\/\/www.zahnarztpraxis-talesnik.de\/\",\"name\":\"Zahnarztpraxis Dr. medic. stom. Irina & Felix Talesnik\",\"description\":\"\",\"potentialAction\":[{\"@type\":\"SearchAction\",\"target\":{\"@type\":\"EntryPoint\",\"urlTemplate\":\"https:\/\/www.zahnarztpraxis-talesnik.de\/?s={search_term_string}\"},\"query-input\":\"required name=search_term_string\"}],\"inLanguage\":\"tr\"}]}<\/script>\n<!-- \/ Yoast SEO plugin. -->","yoast_head_json":{"title":"Zahn\u00e4rzte Dr. medic. stom. Irina & Felix Talesnik","robots":{"index":"index","follow":"follow","max-snippet":"max-snippet:-1","max-image-preview":"max-image-preview:large","max-video-preview":"max-video-preview:-1"},"canonical":"https:\/\/www.zahnarztpraxis-talesnik.de\/tr\/estetik-dis-hekimligi\/","og_locale":"tr_TR","og_type":"article","og_title":"Zahn\u00e4rzte Dr. medic. stom. Irina & Felix Talesnik","og_description":"Estetik di\u015f hekimli\u011fi +49 30 621 40 86 WhatsApp \u015eimdi Randevu Al\u0131n! Parlak gu\u0308lu\u0308s\u0327u\u0308nu\u0308z ic\u0327in estetik dis\u0327 hekimlig\u0306i kapsam\u0131ndaki hizmetlerimiz: Daha beyaz dis\u0327ler ic\u0327in beyazlatma Parlak, beyaz bir gu\u0308lu\u0308mseme ic\u0327in dis\u0327lerinizin profesyonel olarak beyazlat\u0131lmas\u0131. Kompozit veneerler ve o\u0308n dis\u0327 rekonstru\u0308ksiyonlar\u0131 Estetik olarak gu\u0308lu\u0308msemenizin iyiles\u0327tirilmesi ic\u0327in dog\u0306rudan kompozit veneerler ve o\u0308n dis\u0327 rekonstru\u0308ksiyonlar\u0131. Laboratuvar yap\u0131m\u0131 veneerler [&hellip;]","og_url":"https:\/\/www.zahnarztpraxis-talesnik.de\/tr\/estetik-dis-hekimligi\/","og_site_name":"Zahn\u00e4rzte Dr. medic. stom. Irina &amp; Felix Talesnik","article_modified_time":"2024-07-12T09:54:23+00:00","og_image":[{"url":"https:\/\/dental.holypapa.com\/wp-content\/uploads\/2024\/06\/Asthetische-Zahnmedizin.png"}],"twitter_card":"summary_large_image","twitter_misc":{"Tahmini okuma s\u00fcresi":"1 dakika"},"schema":{"@context":"https:\/\/schema.org","@graph":[{"@type":"WebPage","@id":"https:\/\/www.zahnarztpraxis-talesnik.de\/tr\/estetik-dis-hekimligi\/","url":"https:\/\/www.zahnarztpraxis-talesnik.de\/tr\/estetik-dis-hekimligi\/","name":"Zahn\u00e4rzte Dr. medic. stom. Irina & Felix Talesnik","isPartOf":{"@id":"https:\/\/www.zahnarztpraxis-talesnik.de\/#website"},"primaryImageOfPage":{"@id":"https:\/\/www.zahnarztpraxis-talesnik.de\/tr\/estetik-dis-hekimligi\/#primaryimage"},"image":{"@id":"https:\/\/www.zahnarztpraxis-talesnik.de\/tr\/estetik-dis-hekimligi\/#primaryimage"},"thumbnailUrl":"https:\/\/dental.holypapa.com\/wp-content\/uploads\/2024\/06\/Asthetische-Zahnmedizin.png","datePublished":"2024-06-17T19:12:23+00:00","dateModified":"2024-07-12T09:54:23+00:00","breadcrumb":{"@id":"https:\/\/www.zahnarztpraxis-talesnik.de\/tr\/estetik-dis-hekimligi\/#breadcrumb"},"inLanguage":"tr","potentialAction":[{"@type":"ReadAction","target":["https:\/\/www.zahnarztpraxis-talesnik.de\/tr\/estetik-dis-hekimligi\/"]}]},{"@type":"ImageObject","inLanguage":"tr","@id":"https:\/\/www.zahnarztpraxis-talesnik.de\/tr\/estetik-dis-hekimligi\/#primaryimage","url":"https:\/\/dental.holypapa.com\/wp-content\/uploads\/2024\/06\/Asthetische-Zahnmedizin.png","contentUrl":"https:\/\/dental.holypapa.com\/wp-content\/uploads\/2024\/06\/Asthetische-Zahnmedizin.png"},{"@type":"BreadcrumbList","@id":"https:\/\/www.zahnarztpraxis-talesnik.de\/tr\/estetik-dis-hekimligi\/#breadcrumb","itemListElement":[{"@type":"ListItem","position":1,"name":"Home","item":"https:\/\/www.zahnarztpraxis-talesnik.de\/tr\/"},{"@type":"ListItem","position":2,"name":"Estetik di\u015f hekimli\u011fi"}]},{"@type":"WebSite","@id":"https:\/\/www.zahnarztpraxis-talesnik.de\/#website","url":"https:\/\/www.zahnarztpraxis-talesnik.de\/","name":"Zahnarztpraxis Dr. medic. stom. Irina & Felix Talesnik","description":"","potentialAction":[{"@type":"SearchAction","target":{"@type":"EntryPoint","urlTemplate":"https:\/\/www.zahnarztpraxis-talesnik.de\/?s={search_term_string}"},"query-input":"required name=search_term_string"}],"inLanguage":"tr"}]}},"_links":{"self":[{"href":"https:\/\/www.zahnarztpraxis-talesnik.de\/tr\/wp-json\/wp\/v2\/pages\/1460","targetHints":{"allow":["GET"]}}],"collection":[{"href":"https:\/\/www.zahnarztpraxis-talesnik.de\/tr\/wp-json\/wp\/v2\/pages"}],"about":[{"href":"https:\/\/www.zahnarztpraxis-talesnik.de\/tr\/wp-json\/wp\/v2\/types\/page"}],"author":[{"embeddable":true,"href":"https:\/\/www.zahnarztpraxis-talesnik.de\/tr\/wp-json\/wp\/v2\/users\/2"}],"replies":[{"embeddable":true,"href":"https:\/\/www.zahnarztpraxis-talesnik.de\/tr\/wp-json\/wp\/v2\/comments?post=1460"}],"version-history":[{"count":14,"href":"https:\/\/www.zahnarztpraxis-talesnik.de\/tr\/wp-json\/wp\/v2\/pages\/1460\/revisions"}],"predecessor-version":[{"id":3643,"href":"https:\/\/www.zahnarztpraxis-talesnik.de\/tr\/wp-json\/wp\/v2\/pages\/1460\/revisions\/3643"}],"wp:attachment":[{"href":"https:\/\/www.zahnarztpraxis-talesnik.de\/tr\/wp-json\/wp\/v2\/media?parent=1460"}],"curies":[{"name":"wp","href":"https:\/\/api.w.org\/{rel}","templated":true}]}}