{"id":1827,"date":"2024-06-17T21:13:17","date_gmt":"2024-06-17T19:13:17","guid":{"rendered":"https:\/\/dental.holypapa.com\/?page_id=1827"},"modified":"2024-07-12T12:00:26","modified_gmt":"2024-07-12T10:00:26","slug":"periodontitis-tedavisi","status":"publish","type":"page","link":"https:\/\/www.zahnarztpraxis-talesnik.de\/tr\/periodontitis-tedavisi\/","title":{"rendered":"Periodontitis Tedavisi"},"content":{"rendered":"\t\t<div data-elementor-type=\"wp-page\" data-elementor-id=\"1827\" class=\"elementor elementor-1827 elementor-475\">\n\t\t\t\t<div class=\"elementor-element elementor-element-4d4fa3f8 e-con-full relative e-flex e-con e-parent\" data-id=\"4d4fa3f8\" data-element_type=\"container\" data-settings=\"{&quot;background_background&quot;:&quot;classic&quot;}\">\n\t\t<div class=\"elementor-element elementor-element-98e51aa e-flex e-con-boxed e-con e-child\" data-id=\"98e51aa\" data-element_type=\"container\" data-settings=\"{&quot;background_background&quot;:&quot;classic&quot;}\">\n\t\t\t\t\t<div class=\"e-con-inner\">\n\t\t<div class=\"elementor-element elementor-element-792d17e0 e-flex e-con-boxed e-con e-child\" data-id=\"792d17e0\" data-element_type=\"container\">\n\t\t\t\t\t<div class=\"e-con-inner\">\n\t\t\t\t<div class=\"elementor-element elementor-element-6f1c158 h1-top color-grey elementor-widget elementor-widget-text-editor\" data-id=\"6f1c158\" data-element_type=\"widget\" data-widget_type=\"text-editor.default\">\n\t\t\t\t<div class=\"elementor-widget-container\">\n\t\t\t<style>\/*! elementor - v3.23.0 - 15-07-2024 *\/\n.elementor-widget-text-editor.elementor-drop-cap-view-stacked .elementor-drop-cap{background-color:#69727d;color:#fff}.elementor-widget-text-editor.elementor-drop-cap-view-framed .elementor-drop-cap{color:#69727d;border:3px solid;background-color:transparent}.elementor-widget-text-editor:not(.elementor-drop-cap-view-default) .elementor-drop-cap{margin-top:8px}.elementor-widget-text-editor:not(.elementor-drop-cap-view-default) .elementor-drop-cap-letter{width:1em;height:1em}.elementor-widget-text-editor .elementor-drop-cap{float:left;text-align:center;line-height:1;font-size:50px}.elementor-widget-text-editor .elementor-drop-cap-letter{display:inline-block}<\/style>\t\t\t\t<h1><span data-sheets-root=\"1\">Periodontitis Tedavisi<\/span><\/h1>\t\t\t\t\t\t<\/div>\n\t\t\t\t<\/div>\n\t\t\t\t<div class=\"elementor-element elementor-element-359ec829 elementor-widget elementor-widget-html\" data-id=\"359ec829\" data-element_type=\"widget\" data-widget_type=\"html.default\">\n\t\t\t\t<div class=\"elementor-widget-container\">\n\t\t\t<div class=\"buttons__block\">\n\t<a href=\"tel:+49306214086\" class=\"button button--white-2\" target=\"_blank\">+49 30 621 40 86<\/a>\n\t<a href=\"https:\/\/wa.me\/4915115945994\" class=\"button button--white-2\" target=\"_blank\">WhatsApp<\/a>\n\t<a href=\"https:\/\/www.doctolib.de\/praxis\/berlin\/zahnarztpraxis-felix-und-dr-irina-talesnik\/\" class=\"button button--white-2\" target=\"_blank\">\u015eimdi Randevu Al\u0131n!<\/a>\n<\/div>\t\t<\/div>\n\t\t\t\t<\/div>\n\t\t\t\t\t<\/div>\n\t\t\t\t<\/div>\n\t\t<div class=\"elementor-element elementor-element-3818381e e-flex e-con-boxed e-con e-child\" data-id=\"3818381e\" data-element_type=\"container\">\n\t\t\t\t\t<div class=\"e-con-inner\">\n\t\t\t\t<div class=\"elementor-element elementor-element-53c3fb16 elementor-widget elementor-widget-image\" data-id=\"53c3fb16\" data-element_type=\"widget\" data-widget_type=\"image.default\">\n\t\t\t\t<div class=\"elementor-widget-container\">\n\t\t\t<style>\/*! elementor - v3.23.0 - 15-07-2024 *\/\n.elementor-widget-image{text-align:center}.elementor-widget-image a{display:inline-block}.elementor-widget-image a img[src$=\".svg\"]{width:48px}.elementor-widget-image img{vertical-align:middle;display:inline-block}<\/style>\t\t\t\t\t\t\t\t\t\t<img fetchpriority=\"high\" decoding=\"async\" width=\"640\" height=\"555\" src=\"https:\/\/www.zahnarztpraxis-talesnik.de\/wp-content\/uploads\/2024\/06\/Parodontitistherapie-2.png\" class=\"attachment-large size-large wp-image-781\" alt=\"\" srcset=\"https:\/\/www.zahnarztpraxis-talesnik.de\/wp-content\/uploads\/2024\/06\/Parodontitistherapie-2.png 1002w, https:\/\/www.zahnarztpraxis-talesnik.de\/wp-content\/uploads\/2024\/06\/Parodontitistherapie-2-300x260.png 300w, https:\/\/www.zahnarztpraxis-talesnik.de\/wp-content\/uploads\/2024\/06\/Parodontitistherapie-2-768x666.png 768w\" sizes=\"(max-width: 640px) 100vw, 640px\" \/>\t\t\t\t\t\t\t\t\t\t\t\t\t<\/div>\n\t\t\t\t<\/div>\n\t\t\t\t\t<\/div>\n\t\t\t\t<\/div>\n\t\t\t\t\t<\/div>\n\t\t\t\t<\/div>\n\t\t\t\t<div class=\"elementor-element elementor-element-2ffb5011 absolute poa2 elementor-hidden-mobile elementor-widget elementor-widget-html\" data-id=\"2ffb5011\" data-element_type=\"widget\" data-widget_type=\"html.default\">\n\t\t\t\t<div class=\"elementor-widget-container\">\n\t\t\t<div class=\"triangle-bottomright\"><\/div>\t\t<\/div>\n\t\t\t\t<\/div>\n\t\t\t\t<\/div>\n\t\t<div class=\"elementor-element elementor-element-55affb60 e-flex e-con-boxed e-con e-parent\" data-id=\"55affb60\" data-element_type=\"container\">\n\t\t\t\t\t<div class=\"e-con-inner\">\n\t\t\t\t<div class=\"elementor-element elementor-element-31e4d598 elementor-widget elementor-widget-text-editor\" data-id=\"31e4d598\" data-element_type=\"widget\" data-widget_type=\"text-editor.default\">\n\t\t\t\t<div class=\"elementor-widget-container\">\n\t\t\t\t\t\t\t<div class=\"page\" title=\"Page 3\"><div class=\"section\"><div class=\"layoutArea\"><div class=\"column\"><p>Dis\u0327 hekimlig\u0306i klinig\u0306imizde, ihtiyac\u0327lar\u0131n\u0131za go\u0308re bireyselles\u0327tirilmis\u0327 kapsaml\u0131 bir periodontitis tedavisi sunuyoruz. Koruyucu c\u0327ag\u0306r\u0131 program\u0131m\u0131z, ag\u0306\u0131z sag\u0306l\u0131g\u0306\u0131n\u0131z\u0131 korumak ic\u0327in du\u0308zenli u\u0308c\u0327 ayl\u0131k kontrolleri ve profesyonel dis\u0327 temizlig\u0306i kat\u0131l\u0131m\u0131n\u0131 ic\u0327erir. Periodontitis tes\u0327hisi konulursa, yasal sag\u0306l\u0131k sigortas\u0131 taraf\u0131ndan kars\u0327\u0131lanan periodontitis tedavi konseptini sunuyoruz. Amac\u0131m\u0131z, size klasik periodontitis tedavisinden cerrahi tedaviye kadar kapsaml\u0131 bir bak\u0131m sunmakt\u0131r. O\u0308zellikle diyabet veya bag\u0306\u0131s\u0327\u0131kl\u0131k yetmezlig\u0306i olan hastalar ic\u0327in, optimal tedavi sonuc\u0327lar\u0131n\u0131 sag\u0306lamak amac\u0131yla aile hekiminizle yak\u0131n is\u0327birlig\u0306i ic\u0327inde c\u0327al\u0131s\u0327\u0131yoruz. Periodontitis, hipertansiyon veya diabetes mellitus gibi kronik bir medeni hastal\u0131kt\u0131r ve bu nedenle evde is\u0327birlig\u0306inize ve du\u0308zenli olarak klinig\u0306imize gelmenize bag\u0306l\u0131d\u0131r. Ancak bu s\u0327ekilde hastal\u0131g\u0306\u0131n ilerlemesi ve en ko\u0308tu\u0308 durumda dis\u0327 kayb\u0131 o\u0308nlenebilir.<\/p><\/div><\/div><\/div><\/div>\t\t\t\t\t\t<\/div>\n\t\t\t\t<\/div>\n\t\t\t\t\t<\/div>\n\t\t\t\t<\/div>\n\t\t\t\t<\/div>\n\t\t","protected":false},"excerpt":{"rendered":"<p>Periodontitis Tedavisi +49 30 621 40 86 WhatsApp \u015eimdi Randevu Al\u0131n! Dis\u0327 hekimlig\u0306i klinig\u0306imizde, ihtiyac\u0327lar\u0131n\u0131za go\u0308re bireyselles\u0327tirilmis\u0327 kapsaml\u0131 bir periodontitis tedavisi sunuyoruz. Koruyucu c\u0327ag\u0306r\u0131 program\u0131m\u0131z, ag\u0306\u0131z sag\u0306l\u0131g\u0306\u0131n\u0131z\u0131 korumak ic\u0327in du\u0308zenli u\u0308c\u0327 ayl\u0131k kontrolleri ve profesyonel dis\u0327 temizlig\u0306i kat\u0131l\u0131m\u0131n\u0131 ic\u0327erir. Periodontitis tes\u0327hisi konulursa, yasal sag\u0306l\u0131k sigortas\u0131 taraf\u0131ndan kars\u0327\u0131lanan periodontitis tedavi konseptini sunuyoruz. Amac\u0131m\u0131z, size klasik periodontitis [&hellip;]<\/p>\n","protected":false},"author":2,"featured_media":0,"parent":0,"menu_order":0,"comment_status":"closed","ping_status":"closed","template":"","meta":{"_acf_changed":false,"inline_featured_image":false,"footnotes":""},"class_list":["post-1827","page","type-page","status-publish","hentry"],"acf":[],"yoast_head":"<!-- This site is optimized with the Yoast SEO plugin v23.0 - https:\/\/yoast.com\/wordpress\/plugins\/seo\/ -->\n<title>Zahn\u00e4rzte Dr. medic. stom. Irina &amp; Felix Talesnik<\/title>\n<meta name=\"robots\" content=\"index, follow, max-snippet:-1, max-image-preview:large, max-video-preview:-1\" \/>\n<link rel=\"canonical\" href=\"https:\/\/www.zahnarztpraxis-talesnik.de\/tr\/periodontitis-tedavisi\/\" \/>\n<meta property=\"og:locale\" content=\"tr_TR\" \/>\n<meta property=\"og:type\" content=\"article\" \/>\n<meta property=\"og:title\" content=\"Zahn\u00e4rzte Dr. medic. stom. Irina &amp; Felix Talesnik\" \/>\n<meta property=\"og:description\" content=\"Periodontitis Tedavisi +49 30 621 40 86 WhatsApp \u015eimdi Randevu Al\u0131n! Dis\u0327 hekimlig\u0306i klinig\u0306imizde, ihtiyac\u0327lar\u0131n\u0131za go\u0308re bireyselles\u0327tirilmis\u0327 kapsaml\u0131 bir periodontitis tedavisi sunuyoruz. Koruyucu c\u0327ag\u0306r\u0131 program\u0131m\u0131z, ag\u0306\u0131z sag\u0306l\u0131g\u0306\u0131n\u0131z\u0131 korumak ic\u0327in du\u0308zenli u\u0308c\u0327 ayl\u0131k kontrolleri ve profesyonel dis\u0327 temizlig\u0306i kat\u0131l\u0131m\u0131n\u0131 ic\u0327erir. Periodontitis tes\u0327hisi konulursa, yasal sag\u0306l\u0131k sigortas\u0131 taraf\u0131ndan kars\u0327\u0131lanan periodontitis tedavi konseptini sunuyoruz. Amac\u0131m\u0131z, size klasik periodontitis [&hellip;]\" \/>\n<meta property=\"og:url\" content=\"https:\/\/www.zahnarztpraxis-talesnik.de\/tr\/periodontitis-tedavisi\/\" \/>\n<meta property=\"og:site_name\" content=\"Zahn\u00e4rzte Dr. medic. stom. Irina &amp; Felix Talesnik\" \/>\n<meta property=\"article:modified_time\" content=\"2024-07-12T10:00:26+00:00\" \/>\n<meta property=\"og:image\" content=\"https:\/\/dental.holypapa.com\/wp-content\/uploads\/2024\/06\/Parodontitistherapie-2.png\" \/>\n<meta name=\"twitter:card\" content=\"summary_large_image\" \/>\n<meta name=\"twitter:label1\" content=\"Tahmini okuma s\u00fcresi\" \/>\n\t<meta name=\"twitter:data1\" content=\"1 dakika\" \/>\n<script type=\"application\/ld+json\" class=\"yoast-schema-graph\">{\"@context\":\"https:\/\/schema.org\",\"@graph\":[{\"@type\":\"WebPage\",\"@id\":\"https:\/\/www.zahnarztpraxis-talesnik.de\/tr\/periodontitis-tedavisi\/\",\"url\":\"https:\/\/www.zahnarztpraxis-talesnik.de\/tr\/periodontitis-tedavisi\/\",\"name\":\"Zahn\u00e4rzte Dr. medic. stom. Irina & Felix Talesnik\",\"isPartOf\":{\"@id\":\"https:\/\/www.zahnarztpraxis-talesnik.de\/#website\"},\"primaryImageOfPage\":{\"@id\":\"https:\/\/www.zahnarztpraxis-talesnik.de\/tr\/periodontitis-tedavisi\/#primaryimage\"},\"image\":{\"@id\":\"https:\/\/www.zahnarztpraxis-talesnik.de\/tr\/periodontitis-tedavisi\/#primaryimage\"},\"thumbnailUrl\":\"https:\/\/dental.holypapa.com\/wp-content\/uploads\/2024\/06\/Parodontitistherapie-2.png\",\"datePublished\":\"2024-06-17T19:13:17+00:00\",\"dateModified\":\"2024-07-12T10:00:26+00:00\",\"breadcrumb\":{\"@id\":\"https:\/\/www.zahnarztpraxis-talesnik.de\/tr\/periodontitis-tedavisi\/#breadcrumb\"},\"inLanguage\":\"tr\",\"potentialAction\":[{\"@type\":\"ReadAction\",\"target\":[\"https:\/\/www.zahnarztpraxis-talesnik.de\/tr\/periodontitis-tedavisi\/\"]}]},{\"@type\":\"ImageObject\",\"inLanguage\":\"tr\",\"@id\":\"https:\/\/www.zahnarztpraxis-talesnik.de\/tr\/periodontitis-tedavisi\/#primaryimage\",\"url\":\"https:\/\/dental.holypapa.com\/wp-content\/uploads\/2024\/06\/Parodontitistherapie-2.png\",\"contentUrl\":\"https:\/\/dental.holypapa.com\/wp-content\/uploads\/2024\/06\/Parodontitistherapie-2.png\"},{\"@type\":\"BreadcrumbList\",\"@id\":\"https:\/\/www.zahnarztpraxis-talesnik.de\/tr\/periodontitis-tedavisi\/#breadcrumb\",\"itemListElement\":[{\"@type\":\"ListItem\",\"position\":1,\"name\":\"Home\",\"item\":\"https:\/\/www.zahnarztpraxis-talesnik.de\/tr\/\"},{\"@type\":\"ListItem\",\"position\":2,\"name\":\"Periodontitis Tedavisi\"}]},{\"@type\":\"WebSite\",\"@id\":\"https:\/\/www.zahnarztpraxis-talesnik.de\/#website\",\"url\":\"https:\/\/www.zahnarztpraxis-talesnik.de\/\",\"name\":\"Zahnarztpraxis Dr. medic. stom. Irina & Felix Talesnik\",\"description\":\"\",\"potentialAction\":[{\"@type\":\"SearchAction\",\"target\":{\"@type\":\"EntryPoint\",\"urlTemplate\":\"https:\/\/www.zahnarztpraxis-talesnik.de\/?s={search_term_string}\"},\"query-input\":\"required name=search_term_string\"}],\"inLanguage\":\"tr\"}]}<\/script>\n<!-- \/ Yoast SEO plugin. -->","yoast_head_json":{"title":"Zahn\u00e4rzte Dr. medic. stom. Irina & Felix Talesnik","robots":{"index":"index","follow":"follow","max-snippet":"max-snippet:-1","max-image-preview":"max-image-preview:large","max-video-preview":"max-video-preview:-1"},"canonical":"https:\/\/www.zahnarztpraxis-talesnik.de\/tr\/periodontitis-tedavisi\/","og_locale":"tr_TR","og_type":"article","og_title":"Zahn\u00e4rzte Dr. medic. stom. Irina & Felix Talesnik","og_description":"Periodontitis Tedavisi +49 30 621 40 86 WhatsApp \u015eimdi Randevu Al\u0131n! Dis\u0327 hekimlig\u0306i klinig\u0306imizde, ihtiyac\u0327lar\u0131n\u0131za go\u0308re bireyselles\u0327tirilmis\u0327 kapsaml\u0131 bir periodontitis tedavisi sunuyoruz. Koruyucu c\u0327ag\u0306r\u0131 program\u0131m\u0131z, ag\u0306\u0131z sag\u0306l\u0131g\u0306\u0131n\u0131z\u0131 korumak ic\u0327in du\u0308zenli u\u0308c\u0327 ayl\u0131k kontrolleri ve profesyonel dis\u0327 temizlig\u0306i kat\u0131l\u0131m\u0131n\u0131 ic\u0327erir. Periodontitis tes\u0327hisi konulursa, yasal sag\u0306l\u0131k sigortas\u0131 taraf\u0131ndan kars\u0327\u0131lanan periodontitis tedavi konseptini sunuyoruz. Amac\u0131m\u0131z, size klasik periodontitis [&hellip;]","og_url":"https:\/\/www.zahnarztpraxis-talesnik.de\/tr\/periodontitis-tedavisi\/","og_site_name":"Zahn\u00e4rzte Dr. medic. stom. Irina &amp; Felix Talesnik","article_modified_time":"2024-07-12T10:00:26+00:00","og_image":[{"url":"https:\/\/dental.holypapa.com\/wp-content\/uploads\/2024\/06\/Parodontitistherapie-2.png"}],"twitter_card":"summary_large_image","twitter_misc":{"Tahmini okuma s\u00fcresi":"1 dakika"},"schema":{"@context":"https:\/\/schema.org","@graph":[{"@type":"WebPage","@id":"https:\/\/www.zahnarztpraxis-talesnik.de\/tr\/periodontitis-tedavisi\/","url":"https:\/\/www.zahnarztpraxis-talesnik.de\/tr\/periodontitis-tedavisi\/","name":"Zahn\u00e4rzte Dr. medic. stom. Irina & Felix Talesnik","isPartOf":{"@id":"https:\/\/www.zahnarztpraxis-talesnik.de\/#website"},"primaryImageOfPage":{"@id":"https:\/\/www.zahnarztpraxis-talesnik.de\/tr\/periodontitis-tedavisi\/#primaryimage"},"image":{"@id":"https:\/\/www.zahnarztpraxis-talesnik.de\/tr\/periodontitis-tedavisi\/#primaryimage"},"thumbnailUrl":"https:\/\/dental.holypapa.com\/wp-content\/uploads\/2024\/06\/Parodontitistherapie-2.png","datePublished":"2024-06-17T19:13:17+00:00","dateModified":"2024-07-12T10:00:26+00:00","breadcrumb":{"@id":"https:\/\/www.zahnarztpraxis-talesnik.de\/tr\/periodontitis-tedavisi\/#breadcrumb"},"inLanguage":"tr","potentialAction":[{"@type":"ReadAction","target":["https:\/\/www.zahnarztpraxis-talesnik.de\/tr\/periodontitis-tedavisi\/"]}]},{"@type":"ImageObject","inLanguage":"tr","@id":"https:\/\/www.zahnarztpraxis-talesnik.de\/tr\/periodontitis-tedavisi\/#primaryimage","url":"https:\/\/dental.holypapa.com\/wp-content\/uploads\/2024\/06\/Parodontitistherapie-2.png","contentUrl":"https:\/\/dental.holypapa.com\/wp-content\/uploads\/2024\/06\/Parodontitistherapie-2.png"},{"@type":"BreadcrumbList","@id":"https:\/\/www.zahnarztpraxis-talesnik.de\/tr\/periodontitis-tedavisi\/#breadcrumb","itemListElement":[{"@type":"ListItem","position":1,"name":"Home","item":"https:\/\/www.zahnarztpraxis-talesnik.de\/tr\/"},{"@type":"ListItem","position":2,"name":"Periodontitis Tedavisi"}]},{"@type":"WebSite","@id":"https:\/\/www.zahnarztpraxis-talesnik.de\/#website","url":"https:\/\/www.zahnarztpraxis-talesnik.de\/","name":"Zahnarztpraxis Dr. medic. stom. Irina & Felix Talesnik","description":"","potentialAction":[{"@type":"SearchAction","target":{"@type":"EntryPoint","urlTemplate":"https:\/\/www.zahnarztpraxis-talesnik.de\/?s={search_term_string}"},"query-input":"required name=search_term_string"}],"inLanguage":"tr"}]}},"_links":{"self":[{"href":"https:\/\/www.zahnarztpraxis-talesnik.de\/tr\/wp-json\/wp\/v2\/pages\/1827","targetHints":{"allow":["GET"]}}],"collection":[{"href":"https:\/\/www.zahnarztpraxis-talesnik.de\/tr\/wp-json\/wp\/v2\/pages"}],"about":[{"href":"https:\/\/www.zahnarztpraxis-talesnik.de\/tr\/wp-json\/wp\/v2\/types\/page"}],"author":[{"embeddable":true,"href":"https:\/\/www.zahnarztpraxis-talesnik.de\/tr\/wp-json\/wp\/v2\/users\/2"}],"replies":[{"embeddable":true,"href":"https:\/\/www.zahnarztpraxis-talesnik.de\/tr\/wp-json\/wp\/v2\/comments?post=1827"}],"version-history":[{"count":10,"href":"https:\/\/www.zahnarztpraxis-talesnik.de\/tr\/wp-json\/wp\/v2\/pages\/1827\/revisions"}],"predecessor-version":[{"id":3652,"href":"https:\/\/www.zahnarztpraxis-talesnik.de\/tr\/wp-json\/wp\/v2\/pages\/1827\/revisions\/3652"}],"wp:attachment":[{"href":"https:\/\/www.zahnarztpraxis-talesnik.de\/tr\/wp-json\/wp\/v2\/media?parent=1827"}],"curies":[{"name":"wp","href":"https:\/\/api.w.org\/{rel}","templated":true}]}}