{"id":1931,"date":"2024-06-17T21:13:36","date_gmt":"2024-06-17T19:13:36","guid":{"rendered":"https:\/\/dental.holypapa.com\/?page_id=1931"},"modified":"2024-07-12T12:00:27","modified_gmt":"2024-07-12T10:00:27","slug":"profilaksi-ve-profesyonel-dis-temizligi","status":"publish","type":"page","link":"https:\/\/www.zahnarztpraxis-talesnik.de\/tr\/profilaksi-ve-profesyonel-dis-temizligi\/","title":{"rendered":"Profilaksi ve profesyonel di\u015f temizli\u011fi"},"content":{"rendered":"\t\t<div data-elementor-type=\"wp-page\" data-elementor-id=\"1931\" class=\"elementor elementor-1931 elementor-477\">\n\t\t\t\t<div class=\"elementor-element elementor-element-5b7758a3 e-con-full relative e-flex e-con e-parent\" data-id=\"5b7758a3\" data-element_type=\"container\" data-settings=\"{&quot;background_background&quot;:&quot;classic&quot;}\">\n\t\t<div class=\"elementor-element elementor-element-3c9ccf69 e-flex e-con-boxed e-con e-child\" data-id=\"3c9ccf69\" data-element_type=\"container\" data-settings=\"{&quot;background_background&quot;:&quot;classic&quot;}\">\n\t\t\t\t\t<div class=\"e-con-inner\">\n\t\t<div class=\"elementor-element elementor-element-427f72d9 e-flex e-con-boxed e-con e-child\" data-id=\"427f72d9\" data-element_type=\"container\">\n\t\t\t\t\t<div class=\"e-con-inner\">\n\t\t\t\t<div class=\"elementor-element elementor-element-710bc9a9 h1-top color-grey elementor-widget elementor-widget-text-editor\" data-id=\"710bc9a9\" data-element_type=\"widget\" data-widget_type=\"text-editor.default\">\n\t\t\t\t<div class=\"elementor-widget-container\">\n\t\t\t<style>\/*! elementor - v3.23.0 - 15-07-2024 *\/\n.elementor-widget-text-editor.elementor-drop-cap-view-stacked .elementor-drop-cap{background-color:#69727d;color:#fff}.elementor-widget-text-editor.elementor-drop-cap-view-framed .elementor-drop-cap{color:#69727d;border:3px solid;background-color:transparent}.elementor-widget-text-editor:not(.elementor-drop-cap-view-default) .elementor-drop-cap{margin-top:8px}.elementor-widget-text-editor:not(.elementor-drop-cap-view-default) .elementor-drop-cap-letter{width:1em;height:1em}.elementor-widget-text-editor .elementor-drop-cap{float:left;text-align:center;line-height:1;font-size:50px}.elementor-widget-text-editor .elementor-drop-cap-letter{display:inline-block}<\/style>\t\t\t\t<h1><span data-sheets-root=\"1\">Profilaksi ve profesyonel di\u015f temizli\u011fi<\/span><\/h1>\t\t\t\t\t\t<\/div>\n\t\t\t\t<\/div>\n\t\t\t\t<div class=\"elementor-element elementor-element-5ff53259 elementor-widget elementor-widget-html\" data-id=\"5ff53259\" data-element_type=\"widget\" data-widget_type=\"html.default\">\n\t\t\t\t<div class=\"elementor-widget-container\">\n\t\t\t<div class=\"buttons__block\">\n\t<a href=\"tel:+49306214086\" class=\"button button--white-2\" target=\"_blank\">+49 30 621 40 86<\/a>\n\t<a href=\"https:\/\/wa.me\/4915115945994\" class=\"button button--white-2\" target=\"_blank\">WhatsApp<\/a>\n\t<a href=\"https:\/\/www.doctolib.de\/praxis\/berlin\/zahnarztpraxis-felix-und-dr-irina-talesnik\/\" class=\"button button--white-2\" target=\"_blank\">\u015eimdi Randevu Al\u0131n!<\/a>\n<\/div>\t\t<\/div>\n\t\t\t\t<\/div>\n\t\t\t\t\t<\/div>\n\t\t\t\t<\/div>\n\t\t<div class=\"elementor-element elementor-element-28baf314 e-flex e-con-boxed e-con e-child\" data-id=\"28baf314\" data-element_type=\"container\">\n\t\t\t\t\t<div class=\"e-con-inner\">\n\t\t\t\t<div class=\"elementor-element elementor-element-5d93e861 elementor-widget elementor-widget-image\" data-id=\"5d93e861\" data-element_type=\"widget\" data-widget_type=\"image.default\">\n\t\t\t\t<div class=\"elementor-widget-container\">\n\t\t\t<style>\/*! elementor - v3.23.0 - 15-07-2024 *\/\n.elementor-widget-image{text-align:center}.elementor-widget-image a{display:inline-block}.elementor-widget-image a img[src$=\".svg\"]{width:48px}.elementor-widget-image img{vertical-align:middle;display:inline-block}<\/style>\t\t\t\t\t\t\t\t\t\t<img fetchpriority=\"high\" decoding=\"async\" width=\"640\" height=\"555\" src=\"https:\/\/www.zahnarztpraxis-talesnik.de\/wp-content\/uploads\/2024\/06\/Prophylaxe.png\" class=\"attachment-large size-large wp-image-803\" alt=\"\" srcset=\"https:\/\/www.zahnarztpraxis-talesnik.de\/wp-content\/uploads\/2024\/06\/Prophylaxe.png 1002w, https:\/\/www.zahnarztpraxis-talesnik.de\/wp-content\/uploads\/2024\/06\/Prophylaxe-300x260.png 300w, https:\/\/www.zahnarztpraxis-talesnik.de\/wp-content\/uploads\/2024\/06\/Prophylaxe-768x666.png 768w\" sizes=\"(max-width: 640px) 100vw, 640px\" \/>\t\t\t\t\t\t\t\t\t\t\t\t\t<\/div>\n\t\t\t\t<\/div>\n\t\t\t\t\t<\/div>\n\t\t\t\t<\/div>\n\t\t\t\t\t<\/div>\n\t\t\t\t<\/div>\n\t\t\t\t<div class=\"elementor-element elementor-element-72759d57 absolute poa2 elementor-hidden-mobile elementor-widget elementor-widget-html\" data-id=\"72759d57\" data-element_type=\"widget\" data-widget_type=\"html.default\">\n\t\t\t\t<div class=\"elementor-widget-container\">\n\t\t\t<div class=\"triangle-bottomright\"><\/div>\t\t<\/div>\n\t\t\t\t<\/div>\n\t\t\t\t<\/div>\n\t\t<div class=\"elementor-element elementor-element-77c55b4a e-flex e-con-boxed e-con e-parent\" data-id=\"77c55b4a\" data-element_type=\"container\">\n\t\t\t\t\t<div class=\"e-con-inner\">\n\t\t\t\t<div class=\"elementor-element elementor-element-213e766e elementor-widget elementor-widget-text-editor\" data-id=\"213e766e\" data-element_type=\"widget\" data-widget_type=\"text-editor.default\">\n\t\t\t\t<div class=\"elementor-widget-container\">\n\t\t\t\t\t\t\t<div class=\"page\" title=\"Page 2\">\n<div class=\"section\">\n<div class=\"layoutArea\">\n<div class=\"column\">\n<div class=\"page\" title=\"Page 1\">\n<div class=\"section\">\n<div class=\"layoutArea\">\n<div class=\"column\">\n<div class=\"page\" title=\"Page 6\">\n<div class=\"section\">\n<div class=\"layoutArea\">\n<div class=\"column\">\n<p>Dis\u0327 klinig\u0306imizde tu\u0308m aile ic\u0327in kapsaml\u0131 profilaksi hizmetleri sunuyoruz. Bebeklikten yetis\u0327kinlig\u0306e kadar c\u0327ocuklar\u0131n\u0131z\u0131 bireysel profilaksi<\/p>\n<\/div>\n<\/div>\n<\/div>\n<\/div>\n<div class=\"page\" title=\"Page 7\">\n<div class=\"section\">\n<div class=\"layoutArea\">\n<div class=\"column\">\n<p>kapsam\u0131nda takip ediyoruz. I\u0307lk dis\u0327 hekimi erken tes\u0327his muayenesi, 6. aydan itibaren ve ilk dis\u0327 c\u0327\u0131kmadan o\u0308nce bile mu\u0308mku\u0308ndu\u0308r. Planl\u0131 bir hamilelik durumunda, anne aday\u0131n\u0131n o\u0308nceden dis\u0327 hekimi kontrolu\u0308ne gelmesi ve hamilelik s\u0131ras\u0131nda du\u0308zenli dis\u0327 bak\u0131m\u0131 yapt\u0131rmas\u0131 gerekmektedir. Hamilelik s\u0131ras\u0131nda hormonal deg\u0306is\u0327iklikler nedeniyle dis\u0327 eti sorunlar\u0131 artar. Ayr\u0131ca dog\u0306umda verilen c\u0327ocuk muayene kitab\u0131na ek olarak Berlin C\u0327ocuk Dis\u0327 Kart\u0131&#8217;n\u0131 da sunuyoruz. 18 yas\u0327\u0131n o\u0308tesinde bile du\u0308zenli kontroller ve dis\u0327 tas\u0327\u0131 temizlig\u0306i gibi profilaktik o\u0308nlemlerle dis\u0327 sag\u0306l\u0131g\u0306\u0131n\u0131z\u0131 destekliyoruz.<\/p>\n<h2>Du\u0308zenli Koruyucu Bak\u0131m<\/h2>\n<p>Potansiyel sorunlar\u0131 erken tespit etmek ve zaman\u0131nda tedavi etmek ic\u0327in u\u0308c\u0327 ayda bir yap\u0131lmas\u0131 o\u0308nerilen du\u0308zenli kontrol ziyaretleri esast\u0131r. Bu s\u0327ekilde kapsaml\u0131 tedaviler zaman\u0131nda o\u0308nlenebilir.<\/p>\n<h2>Profesyonel Dis\u0327 Temizlig\u0306i<\/h2>\n<p>Profesyonel dis\u0327 temizlig\u0306imiz, yasal sag\u0306l\u0131k sigortas\u0131n\u0131n kapsam\u0131n\u0131 as\u0327an o\u0308zel bir hizmettir. Dis\u0327 tas\u0327\u0131 temizlig\u0306i ve tu\u0308m dis\u0327lerin toz-su pu\u0308sku\u0308rtme cihaz\u0131 kullan\u0131larak kapsaml\u0131 temizlig\u0306ini ic\u0327erir. Bu is\u0327lem s\u0131ras\u0131nda yumus\u0327ak ve sert birikintiler (plak ve dis\u0327 tas\u0327\u0131) yan\u0131 s\u0131ra kahve, c\u0327ay, k\u0131rm\u0131z\u0131 s\u0327arap ve nikotin lekeleri de c\u0327\u0131kar\u0131l\u0131r. Temizlikten sonra dis\u0327ler cilalan\u0131r ve bu da ag\u0306\u0131zda pu\u0308ru\u0308zsu\u0308z ve hos\u0327 bir his b\u0131rak\u0131r. Bu, dis\u0327 birikintilerinin, dis\u0327 tas\u0327\u0131n\u0131n ve lekelerin yeniden olus\u0327umunu ve birikimini yavas\u0327lat\u0131r. Ayr\u0131ca hafif bir beyazlatma etkisi s\u0131kl\u0131kla fark edilir. Profesyonel dis\u0327 temizlig\u0306i, tu\u0308m ag\u0306\u0131z cerrahisi veya implantolojik is\u0327lemlerden o\u0308nce de tavsiye edilir. Bakteri yu\u0308ku\u0308nu\u0308 azaltarak enfeksiyon riski du\u0308s\u0327er ve yara iyiles\u0327mesi olumlu yo\u0308nde etkilenir.<\/p>\n<p>Bugu\u0308n bir randevu al\u0131n ve kapsaml\u0131 profesyonel dis\u0327 temizlig\u0306imizden yararlan\u0131n.<\/p>\n<\/div>\n<\/div>\n<\/div>\n<\/div>\n<\/div>\n<\/div>\n<\/div>\n<\/div>\n<\/div>\n<\/div>\n<\/div>\n<\/div>\t\t\t\t\t\t<\/div>\n\t\t\t\t<\/div>\n\t\t\t\t\t<\/div>\n\t\t\t\t<\/div>\n\t\t\t\t<\/div>\n\t\t","protected":false},"excerpt":{"rendered":"<p>Profilaksi ve profesyonel di\u015f temizli\u011fi +49 30 621 40 86 WhatsApp \u015eimdi Randevu Al\u0131n! Dis\u0327 klinig\u0306imizde tu\u0308m aile ic\u0327in kapsaml\u0131 profilaksi hizmetleri sunuyoruz. Bebeklikten yetis\u0327kinlig\u0306e kadar c\u0327ocuklar\u0131n\u0131z\u0131 bireysel profilaksi kapsam\u0131nda takip ediyoruz. I\u0307lk dis\u0327 hekimi erken tes\u0327his muayenesi, 6. aydan itibaren ve ilk dis\u0327 c\u0327\u0131kmadan o\u0308nce bile mu\u0308mku\u0308ndu\u0308r. Planl\u0131 bir hamilelik durumunda, anne aday\u0131n\u0131n o\u0308nceden [&hellip;]<\/p>\n","protected":false},"author":2,"featured_media":0,"parent":0,"menu_order":0,"comment_status":"closed","ping_status":"closed","template":"","meta":{"_acf_changed":false,"inline_featured_image":false,"footnotes":""},"class_list":["post-1931","page","type-page","status-publish","hentry"],"acf":[],"yoast_head":"<!-- This site is optimized with the Yoast SEO plugin v23.0 - https:\/\/yoast.com\/wordpress\/plugins\/seo\/ -->\n<title>Zahn\u00e4rzte Dr. medic. stom. Irina &amp; Felix Talesnik<\/title>\n<meta name=\"robots\" content=\"index, follow, max-snippet:-1, max-image-preview:large, max-video-preview:-1\" \/>\n<link rel=\"canonical\" href=\"https:\/\/www.zahnarztpraxis-talesnik.de\/tr\/profilaksi-ve-profesyonel-dis-temizligi\/\" \/>\n<meta property=\"og:locale\" content=\"tr_TR\" \/>\n<meta property=\"og:type\" content=\"article\" \/>\n<meta property=\"og:title\" content=\"Zahn\u00e4rzte Dr. medic. stom. Irina &amp; Felix Talesnik\" \/>\n<meta property=\"og:description\" content=\"Profilaksi ve profesyonel di\u015f temizli\u011fi +49 30 621 40 86 WhatsApp \u015eimdi Randevu Al\u0131n! Dis\u0327 klinig\u0306imizde tu\u0308m aile ic\u0327in kapsaml\u0131 profilaksi hizmetleri sunuyoruz. Bebeklikten yetis\u0327kinlig\u0306e kadar c\u0327ocuklar\u0131n\u0131z\u0131 bireysel profilaksi kapsam\u0131nda takip ediyoruz. I\u0307lk dis\u0327 hekimi erken tes\u0327his muayenesi, 6. aydan itibaren ve ilk dis\u0327 c\u0327\u0131kmadan o\u0308nce bile mu\u0308mku\u0308ndu\u0308r. Planl\u0131 bir hamilelik durumunda, anne aday\u0131n\u0131n o\u0308nceden [&hellip;]\" \/>\n<meta property=\"og:url\" content=\"https:\/\/www.zahnarztpraxis-talesnik.de\/tr\/profilaksi-ve-profesyonel-dis-temizligi\/\" \/>\n<meta property=\"og:site_name\" content=\"Zahn\u00e4rzte Dr. medic. stom. Irina &amp; Felix Talesnik\" \/>\n<meta property=\"article:modified_time\" content=\"2024-07-12T10:00:27+00:00\" \/>\n<meta property=\"og:image\" content=\"https:\/\/dental.holypapa.com\/wp-content\/uploads\/2024\/06\/Prophylaxe.png\" \/>\n<meta name=\"twitter:card\" content=\"summary_large_image\" \/>\n<meta name=\"twitter:label1\" content=\"Tahmini okuma s\u00fcresi\" \/>\n\t<meta name=\"twitter:data1\" content=\"2 dakika\" \/>\n<script type=\"application\/ld+json\" class=\"yoast-schema-graph\">{\"@context\":\"https:\/\/schema.org\",\"@graph\":[{\"@type\":\"WebPage\",\"@id\":\"https:\/\/www.zahnarztpraxis-talesnik.de\/tr\/profilaksi-ve-profesyonel-dis-temizligi\/\",\"url\":\"https:\/\/www.zahnarztpraxis-talesnik.de\/tr\/profilaksi-ve-profesyonel-dis-temizligi\/\",\"name\":\"Zahn\u00e4rzte Dr. medic. stom. Irina & Felix Talesnik\",\"isPartOf\":{\"@id\":\"https:\/\/www.zahnarztpraxis-talesnik.de\/#website\"},\"primaryImageOfPage\":{\"@id\":\"https:\/\/www.zahnarztpraxis-talesnik.de\/tr\/profilaksi-ve-profesyonel-dis-temizligi\/#primaryimage\"},\"image\":{\"@id\":\"https:\/\/www.zahnarztpraxis-talesnik.de\/tr\/profilaksi-ve-profesyonel-dis-temizligi\/#primaryimage\"},\"thumbnailUrl\":\"https:\/\/dental.holypapa.com\/wp-content\/uploads\/2024\/06\/Prophylaxe.png\",\"datePublished\":\"2024-06-17T19:13:36+00:00\",\"dateModified\":\"2024-07-12T10:00:27+00:00\",\"breadcrumb\":{\"@id\":\"https:\/\/www.zahnarztpraxis-talesnik.de\/tr\/profilaksi-ve-profesyonel-dis-temizligi\/#breadcrumb\"},\"inLanguage\":\"tr\",\"potentialAction\":[{\"@type\":\"ReadAction\",\"target\":[\"https:\/\/www.zahnarztpraxis-talesnik.de\/tr\/profilaksi-ve-profesyonel-dis-temizligi\/\"]}]},{\"@type\":\"ImageObject\",\"inLanguage\":\"tr\",\"@id\":\"https:\/\/www.zahnarztpraxis-talesnik.de\/tr\/profilaksi-ve-profesyonel-dis-temizligi\/#primaryimage\",\"url\":\"https:\/\/dental.holypapa.com\/wp-content\/uploads\/2024\/06\/Prophylaxe.png\",\"contentUrl\":\"https:\/\/dental.holypapa.com\/wp-content\/uploads\/2024\/06\/Prophylaxe.png\"},{\"@type\":\"BreadcrumbList\",\"@id\":\"https:\/\/www.zahnarztpraxis-talesnik.de\/tr\/profilaksi-ve-profesyonel-dis-temizligi\/#breadcrumb\",\"itemListElement\":[{\"@type\":\"ListItem\",\"position\":1,\"name\":\"Home\",\"item\":\"https:\/\/www.zahnarztpraxis-talesnik.de\/tr\/\"},{\"@type\":\"ListItem\",\"position\":2,\"name\":\"Profilaksi ve profesyonel di\u015f temizli\u011fi\"}]},{\"@type\":\"WebSite\",\"@id\":\"https:\/\/www.zahnarztpraxis-talesnik.de\/#website\",\"url\":\"https:\/\/www.zahnarztpraxis-talesnik.de\/\",\"name\":\"Zahnarztpraxis Dr. medic. stom. Irina & Felix Talesnik\",\"description\":\"\",\"potentialAction\":[{\"@type\":\"SearchAction\",\"target\":{\"@type\":\"EntryPoint\",\"urlTemplate\":\"https:\/\/www.zahnarztpraxis-talesnik.de\/?s={search_term_string}\"},\"query-input\":\"required name=search_term_string\"}],\"inLanguage\":\"tr\"}]}<\/script>\n<!-- \/ Yoast SEO plugin. -->","yoast_head_json":{"title":"Zahn\u00e4rzte Dr. medic. stom. Irina & Felix Talesnik","robots":{"index":"index","follow":"follow","max-snippet":"max-snippet:-1","max-image-preview":"max-image-preview:large","max-video-preview":"max-video-preview:-1"},"canonical":"https:\/\/www.zahnarztpraxis-talesnik.de\/tr\/profilaksi-ve-profesyonel-dis-temizligi\/","og_locale":"tr_TR","og_type":"article","og_title":"Zahn\u00e4rzte Dr. medic. stom. Irina & Felix Talesnik","og_description":"Profilaksi ve profesyonel di\u015f temizli\u011fi +49 30 621 40 86 WhatsApp \u015eimdi Randevu Al\u0131n! Dis\u0327 klinig\u0306imizde tu\u0308m aile ic\u0327in kapsaml\u0131 profilaksi hizmetleri sunuyoruz. Bebeklikten yetis\u0327kinlig\u0306e kadar c\u0327ocuklar\u0131n\u0131z\u0131 bireysel profilaksi kapsam\u0131nda takip ediyoruz. I\u0307lk dis\u0327 hekimi erken tes\u0327his muayenesi, 6. aydan itibaren ve ilk dis\u0327 c\u0327\u0131kmadan o\u0308nce bile mu\u0308mku\u0308ndu\u0308r. Planl\u0131 bir hamilelik durumunda, anne aday\u0131n\u0131n o\u0308nceden [&hellip;]","og_url":"https:\/\/www.zahnarztpraxis-talesnik.de\/tr\/profilaksi-ve-profesyonel-dis-temizligi\/","og_site_name":"Zahn\u00e4rzte Dr. medic. stom. Irina &amp; Felix Talesnik","article_modified_time":"2024-07-12T10:00:27+00:00","og_image":[{"url":"https:\/\/dental.holypapa.com\/wp-content\/uploads\/2024\/06\/Prophylaxe.png"}],"twitter_card":"summary_large_image","twitter_misc":{"Tahmini okuma s\u00fcresi":"2 dakika"},"schema":{"@context":"https:\/\/schema.org","@graph":[{"@type":"WebPage","@id":"https:\/\/www.zahnarztpraxis-talesnik.de\/tr\/profilaksi-ve-profesyonel-dis-temizligi\/","url":"https:\/\/www.zahnarztpraxis-talesnik.de\/tr\/profilaksi-ve-profesyonel-dis-temizligi\/","name":"Zahn\u00e4rzte Dr. medic. stom. Irina & Felix Talesnik","isPartOf":{"@id":"https:\/\/www.zahnarztpraxis-talesnik.de\/#website"},"primaryImageOfPage":{"@id":"https:\/\/www.zahnarztpraxis-talesnik.de\/tr\/profilaksi-ve-profesyonel-dis-temizligi\/#primaryimage"},"image":{"@id":"https:\/\/www.zahnarztpraxis-talesnik.de\/tr\/profilaksi-ve-profesyonel-dis-temizligi\/#primaryimage"},"thumbnailUrl":"https:\/\/dental.holypapa.com\/wp-content\/uploads\/2024\/06\/Prophylaxe.png","datePublished":"2024-06-17T19:13:36+00:00","dateModified":"2024-07-12T10:00:27+00:00","breadcrumb":{"@id":"https:\/\/www.zahnarztpraxis-talesnik.de\/tr\/profilaksi-ve-profesyonel-dis-temizligi\/#breadcrumb"},"inLanguage":"tr","potentialAction":[{"@type":"ReadAction","target":["https:\/\/www.zahnarztpraxis-talesnik.de\/tr\/profilaksi-ve-profesyonel-dis-temizligi\/"]}]},{"@type":"ImageObject","inLanguage":"tr","@id":"https:\/\/www.zahnarztpraxis-talesnik.de\/tr\/profilaksi-ve-profesyonel-dis-temizligi\/#primaryimage","url":"https:\/\/dental.holypapa.com\/wp-content\/uploads\/2024\/06\/Prophylaxe.png","contentUrl":"https:\/\/dental.holypapa.com\/wp-content\/uploads\/2024\/06\/Prophylaxe.png"},{"@type":"BreadcrumbList","@id":"https:\/\/www.zahnarztpraxis-talesnik.de\/tr\/profilaksi-ve-profesyonel-dis-temizligi\/#breadcrumb","itemListElement":[{"@type":"ListItem","position":1,"name":"Home","item":"https:\/\/www.zahnarztpraxis-talesnik.de\/tr\/"},{"@type":"ListItem","position":2,"name":"Profilaksi ve profesyonel di\u015f temizli\u011fi"}]},{"@type":"WebSite","@id":"https:\/\/www.zahnarztpraxis-talesnik.de\/#website","url":"https:\/\/www.zahnarztpraxis-talesnik.de\/","name":"Zahnarztpraxis Dr. medic. stom. Irina & Felix Talesnik","description":"","potentialAction":[{"@type":"SearchAction","target":{"@type":"EntryPoint","urlTemplate":"https:\/\/www.zahnarztpraxis-talesnik.de\/?s={search_term_string}"},"query-input":"required name=search_term_string"}],"inLanguage":"tr"}]}},"_links":{"self":[{"href":"https:\/\/www.zahnarztpraxis-talesnik.de\/tr\/wp-json\/wp\/v2\/pages\/1931","targetHints":{"allow":["GET"]}}],"collection":[{"href":"https:\/\/www.zahnarztpraxis-talesnik.de\/tr\/wp-json\/wp\/v2\/pages"}],"about":[{"href":"https:\/\/www.zahnarztpraxis-talesnik.de\/tr\/wp-json\/wp\/v2\/types\/page"}],"author":[{"embeddable":true,"href":"https:\/\/www.zahnarztpraxis-talesnik.de\/tr\/wp-json\/wp\/v2\/users\/2"}],"replies":[{"embeddable":true,"href":"https:\/\/www.zahnarztpraxis-talesnik.de\/tr\/wp-json\/wp\/v2\/comments?post=1931"}],"version-history":[{"count":7,"href":"https:\/\/www.zahnarztpraxis-talesnik.de\/tr\/wp-json\/wp\/v2\/pages\/1931\/revisions"}],"predecessor-version":[{"id":3658,"href":"https:\/\/www.zahnarztpraxis-talesnik.de\/tr\/wp-json\/wp\/v2\/pages\/1931\/revisions\/3658"}],"wp:attachment":[{"href":"https:\/\/www.zahnarztpraxis-talesnik.de\/tr\/wp-json\/wp\/v2\/media?parent=1931"}],"curies":[{"name":"wp","href":"https:\/\/api.w.org\/{rel}","templated":true}]}}